{"id":8420,"date":"2018-09-26T16:49:44","date_gmt":"2018-09-26T14:49:44","guid":{"rendered":"https:\/\/www.kunskapsforbundet.se\/vuxenutbildningen\/?post_type=program&#038;p=8420"},"modified":"2026-04-29T20:43:54","modified_gmt":"2026-04-29T18:43:54","slug":"yrkesvux-malare","status":"publish","type":"program","link":"https:\/\/kunskapsforbundet.se\/vuxenutbildningen\/program\/yrkesvux-malare\/","title":{"rendered":"M\u00e5lare"},"content":{"rendered":"<section class=\"wp-block-kunskapsforbundetpageblocks-course-hero\"  style=\"--course-hero-focal-point-x:0.5; --course-hero-focal-point-y:0.5; --course-hero-background:var(--purple-light); --course-hero-box-color:var(--purple-dark); --course-hero-text:var(--black); --course-box-text:var(--white);\"\n>\n  <div class=\"course-hero-image-wrapper\">\n          <img decoding=\"async\" src=\"https:\/\/kunskapsforbundet.se\/app\/uploads\/sites\/6\/2018\/09\/vuxwebb_148.jpg\" sizes=\"Array\" alt=\"Kvinnlig studerande till m\u00e5lare. Sitter p\u00e5 en arbetsb\u00e4nk i arbetskl\u00e4der med penslar och en f\u00e4rghink.\" class=\"course-hero-image\" \/>\n      <\/div>\n\n  <div class=\"course-hero-content\">\n    <h1 class=\"course-hero-heading hyphens\">M\u00e5lare<\/h1>\n    <p class=\"course-hero-description\">Yrkesutbildning | Komvux<\/p>\n\n    \n    \n    <div class=\"course-hero-tab\">\n      <div class=\"course-hero-city\">Trollh\u00e4ttan<\/div>\n      <div class=\"course-hero-length\">40 veckor<\/div>\n    <\/div>\n        <div class=\"course-hero-circle course-hero-circle--planned\">\n      <div class=\"course-hero-status\">Planerad start V\u00e5ren 2027<\/div>\n    <\/div>\n      <\/div>\n<\/section>\n\n\n\n<div style=\"height:80px\" aria-hidden=\"true\" class=\"wp-block-spacer\"><\/div>\n\n\n\n<section style=\"background-color:transparent;--kf-button-icon-background:transparent\" class=\"wp-block-kunskapsforbundetpageblocks-container\"><div class=\"container-block width-narrow false\">\n<p class=\"has-is-size-5-font-size\">Som m\u00e5lare f\u00e5r du ett fritt och kreativt hantverksyrke d\u00e4r din yrkesskicklighet s\u00e4tter f\u00e4rg p\u00e5 vardagen. Det \u00e4r ett yrke d\u00e4r f\u00e5r du utlopp f\u00f6r din skapargl\u00e4dje i allt fr\u00e5n bost\u00e4der, kontor, skolor, sjukhus och industrier. Det \u00e4r en yrkesutbildning f\u00f6r dig som \u00e4lskar att se konkreta resultat, trivs med eget ansvar och vill ha en arbetsdag fylld av variation och nya m\u00f6ten.<\/p>\n<\/div><\/section>\n\n\n\n<div style=\"height:80px\" aria-hidden=\"true\" class=\"wp-block-spacer\"><\/div>\n\n\n\n<section style=\"background-color:var(--purple-light);--kf-button-icon-background:var(--purple-light)\" class=\"wp-block-kunskapsforbundetpageblocks-container\"><div class=\"container-boxes container-boxes--vux\"><div><\/div><div><\/div><div><\/div><\/div><div class=\"container-block width-narrow false\">\n<div style=\"height:24px\" aria-hidden=\"true\" class=\"wp-block-spacer\"><\/div>\n\n\n\n<h2 class=\"wp-block-heading has-text-align-center has-is-size-4-font-size\">Kortfakta<\/h2>\n\n\n\n<div style=\"height:24px\" aria-hidden=\"true\" class=\"wp-block-spacer\"><\/div>\n\n\n\n<div class=\"wp-block-columns is-layout-flex wp-container-core-columns-is-layout-9d6595d7 wp-block-columns-is-layout-flex\">\n<div class=\"wp-block-column is-layout-flow wp-block-column-is-layout-flow\"><\/div>\n\n\n\n<div class=\"wp-block-column is-layout-flow wp-block-column-is-layout-flow\" style=\"flex-basis:45%\">\n<p class=\"has-text-align-left\"><strong>N\u00e4sta planerade start: V\u00e5ren 2027<\/strong><strong><br>Utbildningsl\u00e4ngd<\/strong>: 40 veckor<br><strong>Utbildningsort<\/strong>: Trollh\u00e4ttan<br><strong>Studietakt<\/strong>: Heltid<br><strong>Studieform<\/strong>: Dagtid<br><\/p>\n<\/div>\n\n\n\n<div class=\"wp-block-column is-layout-flow wp-block-column-is-layout-flow\" style=\"flex-basis:45%\">\n<p class=\"has-text-align-left\"><strong>Praktik under utbildning: <\/strong>\u2713<strong><br>CSN ber\u00e4ttigad: <\/strong>\u2713<br><\/p>\n<\/div>\n\n\n\n<div class=\"wp-block-column is-layout-flow wp-block-column-is-layout-flow\"><\/div>\n<\/div>\n\n\n\n<div style=\"height:23px\" aria-hidden=\"true\" class=\"wp-block-spacer\"><\/div>\n\n\n\n<div class=\"wp-block-kunskapsforbundetpageblocks-kf-buttons aligncenter\" data-accordions=\"true\">\n<a style=\"--kf-button-background:var(--purple-dark);--kf-button-text:var(--white)\" class=\"wp-block-kunskapsforbundetpageblocks-kf-button kf-button-simple kf-button-size-large\" href=\"https:\/\/kunskapsforbundet.se\/vuxenutbildningen\/komvuxansokan\/\" rel=\"noopener noreferrer\" target=\"_blank\"><div class=\"kf-button-heading\">Ans\u00f6k h\u00e4r<\/div><\/a>\n<\/div>\n\n\n\n<div style=\"height:40px\" aria-hidden=\"true\" class=\"wp-block-spacer\"><\/div>\n<\/div><\/section>\n\n\n\n<div style=\"height:80px\" aria-hidden=\"true\" class=\"wp-block-spacer\"><\/div>\n\n\n\n<section style=\"background-color:transparent;--kf-button-icon-background:transparent\" class=\"wp-block-kunskapsforbundetpageblocks-container\"><div class=\"container-block width-wide false\">\n<h2 class=\"wp-block-heading has-text-align-center has-is-size-3-font-size\">Om utbildningen<\/h2>\n\n\n\n<div style=\"height:16px\" aria-hidden=\"true\" class=\"wp-block-spacer\"><\/div>\n\n\n\n<section style=\"background-color:transparent;--kf-button-icon-background:transparent\" class=\"wp-block-kunskapsforbundetpageblocks-container\"><div class=\"container-block width-narrow false\">\n<p>Vill du ha ett yrke d\u00e4r din skicklighet syns direkt? Som m\u00e5lare kombinerar du frihet med ett stort tekniskt kunnande. Du l\u00e4r dig hantverket fr\u00e5n grunden och f\u00e5r praktisk erfarenhet av allt fr\u00e5n noggrann spackling till omm\u00e5lning av fasader och finlir med tapeter. Oavsett om det g\u00e4ller att f\u00e4rgs\u00e4tta privata hem eller skydda industribyggnader, kommer du att l\u00e4ra dig teknikerna som kr\u00e4vs f\u00f6r att leverera ett resultat i v\u00e4rldsklass, b\u00e5de ute och inne.<\/p>\n\n\n\n<p>M\u00e5lare \u00e4r en yrkesutbildning f\u00f6r vuxna som snabbt g\u00f6r dig redo f\u00f6r arbetslivet i en bransch d\u00e4r skickliga yrkespersoner beh\u00f6vs. Vi fokuserar p\u00e5 det som faktiskt r\u00e4knas: att g\u00f6ra dig redo f\u00f6r arbetslivet \u2013 snabbt.<\/p>\n<\/div><\/section>\n\n\n\n<div style=\"height:42px\" aria-hidden=\"true\" class=\"wp-block-spacer\"><\/div>\n\n\n\n<div class=\"wp-block-columns is-layout-flex wp-container-core-columns-is-layout-9d6595d7 wp-block-columns-is-layout-flex\">\n<div class=\"wp-block-column is-layout-flow wp-block-column-is-layout-flow\">\n<dl class=\"wp-block-kunskapsforbundetpageblocks-accordion\" data-accordions=\"true\">\n<div style=\"--accordion-head-background:var(--purple-dark);--accordion-head-text:var(--white)\" class=\"wp-block-kunskapsforbundetpageblocks-accordion-tab\"><dt><button class=\"tab-page-head\" id=\"tab-2315de63-f941-416b-ba0e-5a207f13e2be\" aria-controls=\"panel-tab-2315de63-f941-416b-ba0e-5a207f13e2be\" aria-selected=\"false\" aria-label=\"Utbildningens uppl\u00e4gg\"><span class=\"tab-page-heading\">Utbildningens uppl\u00e4gg<\/span><span><span class=\"accordion-icon\"><svg xmlns=\"http:\/\/www.w3.org\/2000\/svg\" viewBox=\"0 0 20 20\" fill=\"currentColor\"><path fill-rule=\"evenodd\" d=\"M8.22 5.22a.75.75 0 0 1 1.06 0l4.25 4.25a.75.75 0 0 1 0 1.06l-4.25 4.25a.75.75 0 0 1-1.06-1.06L11.94 10 8.22 6.28a.75.75 0 0 1 0-1.06Z\" clip-rule=\"evenodd\"><\/path><\/svg><\/span><span class=\"accordion-icon is-hidden\"><svg xmlns=\"http:\/\/www.w3.org\/2000\/svg\" viewBox=\"0 0 20 20\" fill=\"currentColor\"><path fill-rule=\"evenodd\" d=\"M5.22 8.22a.75.75 0 0 1 1.06 0L10 11.94l3.72-3.72a.75.75 0 1 1 1.06 1.06l-4.25 4.25a.75.75 0 0 1-1.06 0L5.22 9.28a.75.75 0 0 1 0-1.06Z\" clip-rule=\"evenodd\"><\/path><\/svg><\/span><\/span><\/button><\/dt><dd id=\"panel-tab-2315de63-f941-416b-ba0e-5a207f13e2be\" class=\"tab-page-body is-hidden\" role=\"tabpanel\" aria-hidden=\"true\"><div>\n<p>Utbildningen varvar teori med praktiskt arbete och ger dig en stabil grund att st\u00e5 p\u00e5. Du l\u00e4r dig tekniker som kr\u00e4vs f\u00f6r att leverera ett professionellt resultat. Du l\u00e4r dig hantverket fr\u00e5n grunden och f\u00e5r praktisk erfarenhet av allt fr\u00e5n noggrann spackling till omm\u00e5lning av fasader och finlir med tapeter. Oavsett om det g\u00e4ller att f\u00e4rgs\u00e4tta privata hem eller skydda industribyggnader, kommer du att l\u00e4ra dig teknikerna som kr\u00e4vs f\u00f6r att leverera ett resultat i v\u00e4rldsklass, b\u00e5de ute och inne.<\/p>\n<\/div><\/dd><\/div>\n\n\n\n<div style=\"--accordion-head-background:var(--purple);--accordion-head-text:var(--white)\" class=\"wp-block-kunskapsforbundetpageblocks-accordion-tab\"><dt><button class=\"tab-page-head\" id=\"tab-2993d588-62ad-4ff9-8e91-224222f0cbef\" aria-controls=\"panel-tab-2993d588-62ad-4ff9-8e91-224222f0cbef\" aria-selected=\"false\" aria-label=\"\u00c4mnen\"><span class=\"tab-page-heading\">\u00c4mnen<\/span><span><span class=\"accordion-icon\"><svg xmlns=\"http:\/\/www.w3.org\/2000\/svg\" viewBox=\"0 0 20 20\" fill=\"currentColor\"><path fill-rule=\"evenodd\" d=\"M8.22 5.22a.75.75 0 0 1 1.06 0l4.25 4.25a.75.75 0 0 1 0 1.06l-4.25 4.25a.75.75 0 0 1-1.06-1.06L11.94 10 8.22 6.28a.75.75 0 0 1 0-1.06Z\" clip-rule=\"evenodd\"><\/path><\/svg><\/span><span class=\"accordion-icon is-hidden\"><svg xmlns=\"http:\/\/www.w3.org\/2000\/svg\" viewBox=\"0 0 20 20\" fill=\"currentColor\"><path fill-rule=\"evenodd\" d=\"M5.22 8.22a.75.75 0 0 1 1.06 0L10 11.94l3.72-3.72a.75.75 0 1 1 1.06 1.06l-4.25 4.25a.75.75 0 0 1-1.06 0L5.22 9.28a.75.75 0 0 1 0-1.06Z\" clip-rule=\"evenodd\"><\/path><\/svg><\/span><\/span><\/button><\/dt><dd id=\"panel-tab-2993d588-62ad-4ff9-8e91-224222f0cbef\" class=\"tab-page-body is-hidden\" role=\"tabpanel\" aria-hidden=\"true\"><div>\n<p><strong>\u00c4mnen f\u00f6r utbildningen<\/strong><\/p>\n\n\n\n<p><strong>Studieperiod 1<\/strong><\/p>\n\n\n\n<ul class=\"wp-block-list\">\n<li>M\u00e5leri niv\u00e5 1, 200 p<\/li>\n\n\n\n<li>M\u00e5leri niv\u00e5 2, 200 p<\/li>\n\n\n\n<li>M\u00e5leri niv\u00e5 3, 200 p<\/li>\n<\/ul>\n\n\n\n<p><strong>Studieperiod 2<\/strong><\/p>\n\n\n\n<ul class=\"wp-block-list\">\n<li>M\u00e5leri inv\u00e4ndigt, 200 p<\/li>\n\n\n\n<li>M\u00e5leri utv\u00e4ndigt, 100 p<\/li>\n\n\n\n<li>T\u00e4tskikt v\u00e5trum, 100 p<\/li>\n<\/ul>\n\n\n\n<hr class=\"wp-block-separator has-alpha-channel-opacity\"\/>\n\n\n\n<p><strong>Kurser f\u00f6r utbildning med start januari 2025<\/strong><\/p>\n\n\n\n<ul class=\"wp-block-list\">\n<li>M\u00e5leriprocessen | 200p<\/li>\n\n\n\n<li>M\u00e5leri 1 | 200p<\/li>\n\n\n\n<li>M\u00e5leri 2 | 200p<\/li>\n\n\n\n<li>M\u00e5leri 3 | 200p<\/li>\n\n\n\n<li>M\u00e5leri 4 | 200p<\/li>\n\n\n\n<li>Orienteringskurs | 50p<\/li>\n<\/ul>\n<\/div><\/dd><\/div>\n\n\n\n<div style=\"--accordion-head-background:var(--purple-dark);--accordion-head-text:var(--white)\" class=\"wp-block-kunskapsforbundetpageblocks-accordion-tab\"><dt><button class=\"tab-page-head\" id=\"tab-83fe7bbd-a43d-4d7a-9a56-aa3daa5d476b\" aria-controls=\"panel-tab-83fe7bbd-a43d-4d7a-9a56-aa3daa5d476b\" aria-selected=\"false\" aria-label=\"Efter utbildningen\"><span class=\"tab-page-heading\">Efter utbildningen<\/span><span><span class=\"accordion-icon\"><svg xmlns=\"http:\/\/www.w3.org\/2000\/svg\" viewBox=\"0 0 20 20\" fill=\"currentColor\"><path fill-rule=\"evenodd\" d=\"M8.22 5.22a.75.75 0 0 1 1.06 0l4.25 4.25a.75.75 0 0 1 0 1.06l-4.25 4.25a.75.75 0 0 1-1.06-1.06L11.94 10 8.22 6.28a.75.75 0 0 1 0-1.06Z\" clip-rule=\"evenodd\"><\/path><\/svg><\/span><span class=\"accordion-icon is-hidden\"><svg xmlns=\"http:\/\/www.w3.org\/2000\/svg\" viewBox=\"0 0 20 20\" fill=\"currentColor\"><path fill-rule=\"evenodd\" d=\"M5.22 8.22a.75.75 0 0 1 1.06 0L10 11.94l3.72-3.72a.75.75 0 1 1 1.06 1.06l-4.25 4.25a.75.75 0 0 1-1.06 0L5.22 9.28a.75.75 0 0 1 0-1.06Z\" clip-rule=\"evenodd\"><\/path><\/svg><\/span><\/span><\/button><\/dt><dd id=\"panel-tab-83fe7bbd-a43d-4d7a-9a56-aa3daa5d476b\" class=\"tab-page-body is-hidden\" role=\"tabpanel\" aria-hidden=\"true\"><div>\n<p>Efterfr\u00e5gan p\u00e5 m\u00e5lare \u00f6kar i takt med det \u00f6kande byggandet. Arbetsgivarna upplever brist p\u00e5 m\u00e5lare som kan ta de lediga jobben. Det ger goda utsikter f\u00f6r arbete efter avslutad utbildning. Att ha k\u00f6rkort ser branschen som positivt d\u00e5 yrkesrollen inneb\u00e4r mycket transporter samt att det h\u00f6jer den egna anst\u00e4llningsbarhet v\u00e4sentligt.<\/p>\n<\/div><\/dd><\/div>\n<\/dl>\n<\/div>\n\n\n\n<div class=\"wp-block-column is-layout-flow wp-block-column-is-layout-flow\">\n<dl class=\"wp-block-kunskapsforbundetpageblocks-accordion\" data-accordions=\"true\">\n<div style=\"--accordion-head-background:var(--purple-dark);--accordion-head-text:var(--white)\" class=\"wp-block-kunskapsforbundetpageblocks-accordion-tab\"><dt><button class=\"tab-page-head\" id=\"tab-217636b2-ba33-475f-a675-40f8eeb2027c\" aria-controls=\"panel-tab-217636b2-ba33-475f-a675-40f8eeb2027c\" aria-selected=\"false\" aria-label=\"Rekommenderade f\u00f6rkunskaper\"><span class=\"tab-page-heading\">Rekommenderade f\u00f6rkunskaper<\/span><span><span class=\"accordion-icon\"><svg xmlns=\"http:\/\/www.w3.org\/2000\/svg\" viewBox=\"0 0 20 20\" fill=\"currentColor\"><path fill-rule=\"evenodd\" d=\"M8.22 5.22a.75.75 0 0 1 1.06 0l4.25 4.25a.75.75 0 0 1 0 1.06l-4.25 4.25a.75.75 0 0 1-1.06-1.06L11.94 10 8.22 6.28a.75.75 0 0 1 0-1.06Z\" clip-rule=\"evenodd\"><\/path><\/svg><\/span><span class=\"accordion-icon is-hidden\"><svg xmlns=\"http:\/\/www.w3.org\/2000\/svg\" viewBox=\"0 0 20 20\" fill=\"currentColor\"><path fill-rule=\"evenodd\" d=\"M5.22 8.22a.75.75 0 0 1 1.06 0L10 11.94l3.72-3.72a.75.75 0 1 1 1.06 1.06l-4.25 4.25a.75.75 0 0 1-1.06 0L5.22 9.28a.75.75 0 0 1 0-1.06Z\" clip-rule=\"evenodd\"><\/path><\/svg><\/span><\/span><\/button><\/dt><dd id=\"panel-tab-217636b2-ba33-475f-a675-40f8eeb2027c\" class=\"tab-page-body is-hidden\" role=\"tabpanel\" aria-hidden=\"true\"><div>\n<p>Godk\u00e4nt betyg i:<\/p>\n\n\n\n<ul class=\"wp-block-list\">\n<li>Svenska eller Svenska som andraspr\u00e5k p\u00e5 grundl\u00e4ggande niv\u00e5<\/li>\n\n\n\n<li>Matematik p\u00e5 grundl\u00e4ggande niv\u00e5<\/li>\n<\/ul>\n\n\n\n<p><em>Alternativt motsvarande kunskaper<\/em><\/p>\n<\/div><\/dd><\/div>\n\n\n\n<div style=\"--accordion-head-background:var(--purple);--accordion-head-text:var(--white)\" class=\"wp-block-kunskapsforbundetpageblocks-accordion-tab\"><dt><button class=\"tab-page-head\" id=\"tab-2b50a478-ea7a-4ba3-b723-d74c0ab411e1\" aria-controls=\"panel-tab-2b50a478-ea7a-4ba3-b723-d74c0ab411e1\" aria-selected=\"false\" aria-label=\"Studieekonomi\"><span class=\"tab-page-heading\">Studieekonomi<\/span><span><span class=\"accordion-icon\"><svg xmlns=\"http:\/\/www.w3.org\/2000\/svg\" viewBox=\"0 0 20 20\" fill=\"currentColor\"><path fill-rule=\"evenodd\" d=\"M8.22 5.22a.75.75 0 0 1 1.06 0l4.25 4.25a.75.75 0 0 1 0 1.06l-4.25 4.25a.75.75 0 0 1-1.06-1.06L11.94 10 8.22 6.28a.75.75 0 0 1 0-1.06Z\" clip-rule=\"evenodd\"><\/path><\/svg><\/span><span class=\"accordion-icon is-hidden\"><svg xmlns=\"http:\/\/www.w3.org\/2000\/svg\" viewBox=\"0 0 20 20\" fill=\"currentColor\"><path fill-rule=\"evenodd\" d=\"M5.22 8.22a.75.75 0 0 1 1.06 0L10 11.94l3.72-3.72a.75.75 0 1 1 1.06 1.06l-4.25 4.25a.75.75 0 0 1-1.06 0L5.22 9.28a.75.75 0 0 1 0-1.06Z\" clip-rule=\"evenodd\"><\/path><\/svg><\/span><\/span><\/button><\/dt><dd id=\"panel-tab-2b50a478-ea7a-4ba3-b723-d74c0ab411e1\" class=\"tab-page-body is-hidden\" role=\"tabpanel\" aria-hidden=\"true\"><div>\n<p>Utbildningen \u00e4r kostnadsfri. Du f\u00e5r sj\u00e4lv st\u00e5 f\u00f6r studiematerial, ev. arbetskl\u00e4der, skor samt resor till och fr\u00e5n praktikplatsen (APL).<\/p>\n\n\n\n<p>Utbildningen ber\u00e4ttigar till studiest\u00f6d. L\u00e4s mer om studiest\u00f6d p\u00e5&nbsp;<a href=\"https:\/\/www.csn.se\/\" rel=\"noreferrer noopener\" target=\"_blank\">www.csn.se<\/a><\/p>\n<\/div><\/dd><\/div>\n\n\n\n<div style=\"--accordion-head-background:var(--purple-dark);--accordion-head-text:var(--white)\" class=\"wp-block-kunskapsforbundetpageblocks-accordion-tab\"><dt><button class=\"tab-page-head\" id=\"tab-38592ba1-d5f4-4ef9-bafc-b016c9cbcab6\" aria-controls=\"panel-tab-38592ba1-d5f4-4ef9-bafc-b016c9cbcab6\" aria-selected=\"false\" aria-label=\"Studieperioder\"><span class=\"tab-page-heading\">Studieperioder<\/span><span><span class=\"accordion-icon\"><svg xmlns=\"http:\/\/www.w3.org\/2000\/svg\" viewBox=\"0 0 20 20\" fill=\"currentColor\"><path fill-rule=\"evenodd\" d=\"M8.22 5.22a.75.75 0 0 1 1.06 0l4.25 4.25a.75.75 0 0 1 0 1.06l-4.25 4.25a.75.75 0 0 1-1.06-1.06L11.94 10 8.22 6.28a.75.75 0 0 1 0-1.06Z\" clip-rule=\"evenodd\"><\/path><\/svg><\/span><span class=\"accordion-icon is-hidden\"><svg xmlns=\"http:\/\/www.w3.org\/2000\/svg\" viewBox=\"0 0 20 20\" fill=\"currentColor\"><path fill-rule=\"evenodd\" d=\"M5.22 8.22a.75.75 0 0 1 1.06 0L10 11.94l3.72-3.72a.75.75 0 1 1 1.06 1.06l-4.25 4.25a.75.75 0 0 1-1.06 0L5.22 9.28a.75.75 0 0 1 0-1.06Z\" clip-rule=\"evenodd\"><\/path><\/svg><\/span><\/span><\/button><\/dt><dd id=\"panel-tab-38592ba1-d5f4-4ef9-bafc-b016c9cbcab6\" class=\"tab-page-body is-hidden\" role=\"tabpanel\" aria-hidden=\"true\"><div>\n<p><strong>Utbildning med start i januari 2026<\/strong><\/p>\n\n\n\n<ul class=\"wp-block-list\">\n<li>Studieperiod 1: 2026-01-12 \u2013 2026-05-29<\/li>\n\n\n\n<li>Studieperiod 2: 2026-08-17 \u2013 2027-01-01<\/li>\n<\/ul>\n\n\n\n<hr class=\"wp-block-separator has-alpha-channel-opacity\"\/>\n\n\n\n<p><strong>Utbildning med start i januari 2025<\/strong><\/p>\n\n\n\n<ul class=\"wp-block-list\">\n<li>Studieperiod 1: 2025-01-13 \u2013 2025-05-30<\/li>\n\n\n\n<li>Studieperiod 2: 2025-08-18 \u2013 2026-01-02<\/li>\n<\/ul>\n<\/div><\/dd><\/div>\n<\/dl>\n<\/div>\n<\/div>\n<\/div><\/section>\n\n\n\n<div style=\"height:40px\" aria-hidden=\"true\" class=\"wp-block-spacer\"><\/div>\n\n\n\n<section style=\"background-color:transparent;--kf-button-icon-background:transparent\" class=\"wp-block-kunskapsforbundetpageblocks-container\"><div class=\"container-block width-narrow false\">\n\n\n\n<\/div><\/section>\n\n\n\n<div style=\"height:80px\" aria-hidden=\"true\" class=\"wp-block-spacer\"><\/div>\n\n\n\n<section style=\"background-color:var(--orange-light);--kf-button-icon-background:var(--orange-light)\" class=\"wp-block-kunskapsforbundetpageblocks-container\"><div class=\"container-block width-wide false\">\n<div style=\"height:64px\" aria-hidden=\"true\" class=\"wp-block-spacer\"><\/div>\n\n\n\n<div class=\"wp-block-columns are-vertically-aligned-center is-layout-flex wp-container-core-columns-is-layout-9d6595d7 wp-block-columns-is-layout-flex\">\n<div class=\"wp-block-column is-vertically-aligned-center is-layout-flow wp-block-column-is-layout-flow\" style=\"flex-basis:60%\">\n<h2 class=\"wp-block-heading has-black-color has-text-color has-link-color has-is-size-3-font-size wp-elements-c09ef53c0ac8133caaabfeb924edd308\">Har du fr\u00e5gor om utbildningen?<\/h2>\n\n\n\n<div style=\"height:24px\" aria-hidden=\"true\" class=\"wp-block-spacer\"><\/div>\n\n\n\n<p>Du kan alltid kontakta oss vid fr\u00e5gor om v\u00e5ra yrkesutbildningar. V\u00e5ra Studie- och yrkesv\u00e4gledare kan svara p\u00e5 fr\u00e5gor om ans\u00f6kan, beh\u00f6righet och studieplanering. Har du fr\u00e5gor om antagning, intyg, betyg eller svarsbesked kan du kontakta v\u00e5r administration.<\/p>\n\n\n\n<div style=\"height:32px\" aria-hidden=\"true\" class=\"wp-block-spacer\"><\/div>\n\n\n\n<div class=\"wp-block-kunskapsforbundetpageblocks-kf-buttons\" data-accordions=\"true\">\n<a style=\"--kf-button-background:var(--orange-dark);--kf-button-text:var(--white)\" class=\"wp-block-kunskapsforbundetpageblocks-kf-button kf-button-simple kf-button-size-large\" href=\"https:\/\/kunskapsforbundet.se\/vuxenutbildningen\/studie-och-yrkesvagledning\/\" rel=\"noopener noreferrer\" target=\"_blank\"><div class=\"kf-button-heading\">Studie- och yrkesv\u00e4gledning<\/div><\/a>\n\n\n\n<a style=\"--kf-button-background:var(--orange-dark);--kf-button-text:var(--white)\" class=\"wp-block-kunskapsforbundetpageblocks-kf-button kf-button-simple kf-button-size-large\" href=\"https:\/\/minasidor.kunskapsforbundet.se\/oversikt\/overview\/215\" rel=\"noopener noreferrer\" target=\"_blank\"><div class=\"kf-button-heading\">Administration<\/div><\/a>\n<\/div>\n<\/div>\n\n\n\n<div class=\"wp-block-column is-vertically-aligned-center is-layout-flow wp-block-column-is-layout-flow\" style=\"flex-basis:40%\">\n<div class=\"wp-block-kunskapsforbundetpageblocks-media-container shadow-right false\" style=\"--media-container-shadow-color:var(--orange)\">\n<figure class=\"wp-block-image size-full\"><img loading=\"lazy\" decoding=\"async\" width=\"1000\" height=\"667\" src=\"https:\/\/kunskapsforbundet.se\/app\/uploads\/sites\/6\/2025\/09\/VUX-utbildningsmassa-HT25_12.jpg\" alt=\"\" class=\"wp-image-26598\" style=\"aspect-ratio:1;object-fit:cover\" srcset=\"https:\/\/kunskapsforbundet.se\/app\/uploads\/sites\/6\/2025\/09\/VUX-utbildningsmassa-HT25_12.jpg 1000w, https:\/\/kunskapsforbundet.se\/app\/uploads\/sites\/6\/2025\/09\/VUX-utbildningsmassa-HT25_12-300x200.jpg 300w, https:\/\/kunskapsforbundet.se\/app\/uploads\/sites\/6\/2025\/09\/VUX-utbildningsmassa-HT25_12-768x512.jpg 768w\" sizes=\"auto, (max-width: 1000px) 100vw, 1000px\" \/><\/figure>\n<\/div>\n<\/div>\n<\/div>\n\n\n\n<div style=\"height:64px\" aria-hidden=\"true\" class=\"wp-block-spacer\"><\/div>\n<\/div><\/section>\n\n\n\n\n\n\n\n<div style=\"height:80px\" aria-hidden=\"true\" class=\"wp-block-spacer\"><\/div>\n\n\n\n<div class=\"wp-block-group\"><div class=\"wp-block-group__inner-container is-layout-constrained wp-block-group-is-layout-constrained\">\n<h2 class=\"wp-block-heading has-text-align-center\">Liknande utbildningar<\/h2>\n\n\n\n<div style=\"height:45px\" aria-hidden=\"true\" class=\"wp-block-spacer\"><\/div>\n\n\n\n<div style=\"height:24px\" aria-hidden=\"true\" class=\"wp-block-spacer\"><\/div>\n\n\n\n<section style=\"--featured-content-background:transparent;--featured-content-text:var(--black);--kf-button-icon-background:transparent\" class=\"wp-block-kunskapsforbundetpageblocks-featured-content\"><div class=\"featured-content-wrapper\">\n<div style=\"--featured-content-item-focal-point-x:0.5;--featured-content-item-focal-point-y:0.5\" class=\"wp-block-kunskapsforbundetpageblocks-featured-content-item\"><a href=\"https:\/\/kunskapsforbundet.se\/vuxenutbildningen\/program\/bygg\/\" rel=\"noopener noreferrer\" target=\"_blank\" aria-label=\"Bygg\"><img decoding=\"async\" src=\"https:\/\/kunskapsforbundet.se\/app\/uploads\/sites\/6\/2025\/04\/vuxwebb_133.jpg\" alt=\"\" class=\"featured-content-item-image\"\/><h2 class=\"featured-content-item-heading\">Bygg<\/h2><\/a><div class=\"featured-content-item-content\">\n<div class=\"wp-block-group is-vertical is-content-justification-center is-layout-flex wp-container-core-group-is-layout-bc3d12e9 wp-block-group-is-layout-flex\">\n<div class=\"wp-block-group wp-container-content-9cfa9a5a\"><div class=\"wp-block-group__inner-container is-layout-constrained wp-block-group-is-layout-constrained\">\n<p class=\"has-text-align-center\">Bygg \u00e4r en yrkesutbildning f\u00f6r vuxna som leder till ett hantverksyrke inom tr\u00e4arbetare, snickare, murare eller betong. Det ger ett praktiskt och omv\u00e4xlande arbete i en bransch som beh\u00f6ver dig!<\/p>\n<\/div><\/div>\n\n\n\n<div class=\"wp-block-kunskapsforbundetpageblocks-kf-buttons aligncenter\" data-accordions=\"true\">\n<a style=\"--kf-button-background:var(--purple-dark);--kf-button-text:var(--white)\" class=\"wp-block-kunskapsforbundetpageblocks-kf-button kf-button-simple kf-button-size-small\" href=\"\"><div class=\"kf-button-heading\">L\u00e4s mer utbildningen<\/div><\/a>\n<\/div>\n<\/div>\n\n\n\n<div style=\"height:45px\" aria-hidden=\"true\" class=\"wp-block-spacer\"><\/div>\n<\/div><\/div>\n\n\n\n<div style=\"--featured-content-item-focal-point-x:0.5;--featured-content-item-focal-point-y:0.5\" class=\"wp-block-kunskapsforbundetpageblocks-featured-content-item\"><a href=\"https:\/\/kunskapsforbundet.se\/vuxenutbildningen\/program\/fastighetsskotare\/\" rel=\"noopener noreferrer\" target=\"_blank\" aria-label=\"Fastighetssk\u00f6tare\"><img decoding=\"async\" src=\"https:\/\/kunskapsforbundet.se\/app\/uploads\/sites\/6\/2026\/03\/vuxwebb_150.jpg\" alt=\"Bild. man i bl\u00e5kl\u00e4der och keps. Monterar l\u00e5s i en d\u00f6rr.\" class=\"featured-content-item-image\"\/><h2 class=\"featured-content-item-heading\">Fastighetssk\u00f6tare<\/h2><\/a><div class=\"featured-content-item-content\">\n<div class=\"wp-block-group is-vertical is-content-justification-center is-layout-flex wp-container-core-group-is-layout-bc3d12e9 wp-block-group-is-layout-flex\">\n<div class=\"wp-block-group wp-container-content-9cfa9a5a\"><div class=\"wp-block-group__inner-container is-layout-constrained wp-block-group-is-layout-constrained\">\n<p class=\"has-text-align-center\">Fastighetssk\u00f6tare&nbsp;\u00e4r f\u00f6r dig som vill ha ett yrke med varierande arbetsuppgifter, omv\u00e4xlande arbetsdagar och praktiskt arbete b\u00e5de inomhus och utomhus. Du blir en viktig del av att skapa trygga, trivsamma och v\u00e4lfungerande milj\u00f6er f\u00f6r m\u00e4nniskor som bor, arbetar eller vistas i fastigheter.<\/p>\n<\/div><\/div>\n\n\n\n<div class=\"wp-block-kunskapsforbundetpageblocks-kf-buttons aligncenter\" data-accordions=\"true\">\n<a style=\"--kf-button-background:var(--purple-dark);--kf-button-text:var(--white)\" class=\"wp-block-kunskapsforbundetpageblocks-kf-button kf-button-simple kf-button-size-small\" href=\"\"><div class=\"kf-button-heading\">L\u00e4s mer utbildningen<\/div><\/a>\n<\/div>\n<\/div>\n\n\n\n<div style=\"height:45px\" aria-hidden=\"true\" class=\"wp-block-spacer\"><\/div>\n<\/div><\/div>\n\n\n\n<div style=\"--featured-content-item-focal-point-x:0.5;--featured-content-item-focal-point-y:0.5\" class=\"wp-block-kunskapsforbundetpageblocks-featured-content-item\"><a href=\"https:\/\/kunskapsforbundet.se\/vuxenutbildningen\/program\/larling-billackering\/\" rel=\"noopener noreferrer\" target=\"_blank\" aria-label=\"Billackering\"><img decoding=\"async\" src=\"https:\/\/kunskapsforbundet.se\/app\/uploads\/sites\/6\/2020\/11\/vuxwebb_134.jpg\" alt=\"Bild. Billackerare sprutlackerar silverf\u00e4rgad bil.\" class=\"featured-content-item-image\"\/><h2 class=\"featured-content-item-heading\">Billackering<\/h2><\/a><div class=\"featured-content-item-content\">\n<div class=\"wp-block-group is-vertical is-content-justification-center is-layout-flex wp-container-core-group-is-layout-bc3d12e9 wp-block-group-is-layout-flex\">\n<div class=\"wp-block-group wp-container-content-9cfa9a5a\"><div class=\"wp-block-group__inner-container is-layout-constrained wp-block-group-is-layout-constrained\">\n<p class=\"has-text-align-center\">Som billackerare f\u00e5r du kombinera teknisk skicklighet med kreativt skapande \u2013 oavsett om det g\u00e4ller att \u00e5terst\u00e4lla en krockskadad kaross till nyskick eller motiv p\u00e5 en firmabil. Med utbildningen till billackerare tar du steget direkt in i verkstaden och rustar dig f\u00f6r en karri\u00e4r d\u00e4r finish och servicek\u00e4nsla st\u00e5r i centrum.<\/p>\n<\/div><\/div>\n\n\n\n<div class=\"wp-block-kunskapsforbundetpageblocks-kf-buttons aligncenter\" data-accordions=\"true\">\n<a style=\"--kf-button-background:var(--purple-dark);--kf-button-text:var(--white)\" class=\"wp-block-kunskapsforbundetpageblocks-kf-button kf-button-simple kf-button-size-small\" href=\"\"><div class=\"kf-button-heading\">L\u00e4s mer utbildningen<\/div><\/a>\n<\/div>\n<\/div>\n\n\n\n<div style=\"height:45px\" aria-hidden=\"true\" class=\"wp-block-spacer\"><\/div>\n<\/div><\/div>\n<\/div><\/section>\n<\/div><\/div>\n\n\n\n<section style=\"background-color:var(--blue-light);--kf-button-icon-background:var(--blue-light)\" class=\"wp-block-kunskapsforbundetpageblocks-container fritt-sok\"><div class=\"container-block width-narrow false\">\n<div class=\"wp-block-media-text is-stacked-on-mobile\" style=\"grid-template-columns:15% auto\"><figure class=\"wp-block-media-text__media\"><img loading=\"lazy\" decoding=\"async\" width=\"500\" height=\"500\" src=\"https:\/\/kunskapsforbundet.se\/app\/uploads\/sites\/6\/2025\/11\/Frittsok_logotyp-e1762416021339.png\" alt=\"\" class=\"wp-image-27412 size-full\"\/><\/figure><div class=\"wp-block-media-text__content\">\n<div style=\"height:24px\" aria-hidden=\"true\" class=\"wp-block-spacer\"><\/div>\n\n\n\n<p class=\"has-text-align-left has-is-size-7-font-size\">Du vet v\u00e4l om att du kan s\u00f6ka yrkesutbildningar inom Fritt S\u00f6k? <\/p>\n\n\n\n<div class=\"wp-block-kunskapsforbundetpageblocks-kf-buttons\" data-accordions=\"true\">\n<a style=\"--kf-button-background:var(--blue);--kf-button-text:var(--white)\" class=\"wp-block-kunskapsforbundetpageblocks-kf-button kf-button-simple kf-button-size-small\" href=\"https:\/\/uddevallavuxenutbildning.se\/utbildning\/komvux\/yrkesutbildning\" rel=\"noopener noreferrer\" target=\"_blank\"><div class=\"kf-button-heading\">Uddevalla<\/div><\/a>\n\n\n\n<a style=\"--kf-button-background:var(--blue-dark);--kf-button-text:var(--white)\" class=\"wp-block-kunskapsforbundetpageblocks-kf-button kf-button-simple kf-button-size-small\" href=\"https:\/\/www.orust.se\/utbildning-och-barnomsorg\/vuxenutbildning\/utbildningar\/yrkesutbildningar\" rel=\"noopener noreferrer\" target=\"_blank\"><div class=\"kf-button-heading\">Orust<\/div><\/a>\n<\/div>\n\n\n\n<div style=\"height:24px\" aria-hidden=\"true\" class=\"wp-block-spacer\"><\/div>\n<\/div><\/div>\n<\/div><\/section>\n\n\n<p><\/p>","protected":false},"excerpt":{"rendered":"<p>Som m\u00e5lare f\u00e5r du ett fritt och kreativt hantverksyrke d\u00e4r din yrkesskicklighet s\u00e4tter f\u00e4rg p\u00e5 vardagen. Det \u00e4r ett yrke d\u00e4r f\u00e5r du utlopp f\u00f6r din skapargl\u00e4dje i allt fr\u00e5n bost\u00e4der, kontor, skolor, sjukhus och industrier. Det \u00e4r en yrkesutbildning f\u00f6r dig som \u00e4lskar att se konkreta resultat, trivs med eget ansvar och vill ha en arbetsdag fylld av variation och nya m\u00f6ten.<\/p>\n","protected":false},"featured_media":26942,"template":"","program-edutype":[993],"program-nextstart":[1064],"program-type":[938],"program-city":[985],"program-status":[971],"class_list":["post-8420","program","type-program","status-publish","has-post-thumbnail","hentry","program-type-gymnasial-utbildning"],"acf":[],"_links":{"self":[{"href":"https:\/\/kunskapsforbundet.se\/vuxenutbildningen\/wp-json\/wp\/v2\/program\/8420","targetHints":{"allow":["GET"]}}],"collection":[{"href":"https:\/\/kunskapsforbundet.se\/vuxenutbildningen\/wp-json\/wp\/v2\/program"}],"about":[{"href":"https:\/\/kunskapsforbundet.se\/vuxenutbildningen\/wp-json\/wp\/v2\/types\/program"}],"version-history":[{"count":127,"href":"https:\/\/kunskapsforbundet.se\/vuxenutbildningen\/wp-json\/wp\/v2\/program\/8420\/revisions"}],"predecessor-version":[{"id":30663,"href":"https:\/\/kunskapsforbundet.se\/vuxenutbildningen\/wp-json\/wp\/v2\/program\/8420\/revisions\/30663"}],"wp:featuredmedia":[{"embeddable":true,"href":"https:\/\/kunskapsforbundet.se\/vuxenutbildningen\/wp-json\/wp\/v2\/media\/26942"}],"wp:attachment":[{"href":"https:\/\/kunskapsforbundet.se\/vuxenutbildningen\/wp-json\/wp\/v2\/media?parent=8420"}],"wp:term":[{"taxonomy":"program-edutype","embeddable":true,"href":"https:\/\/kunskapsforbundet.se\/vuxenutbildningen\/wp-json\/wp\/v2\/program-edutype?post=8420"},{"taxonomy":"program-nextstart","embeddable":true,"href":"https:\/\/kunskapsforbundet.se\/vuxenutbildningen\/wp-json\/wp\/v2\/program-nextstart?post=8420"},{"taxonomy":"program-type","embeddable":true,"href":"https:\/\/kunskapsforbundet.se\/vuxenutbildningen\/wp-json\/wp\/v2\/program-type?post=8420"},{"taxonomy":"program-city","embeddable":true,"href":"https:\/\/kunskapsforbundet.se\/vuxenutbildningen\/wp-json\/wp\/v2\/program-city?post=8420"},{"taxonomy":"program-status","embeddable":true,"href":"https:\/\/kunskapsforbundet.se\/vuxenutbildningen\/wp-json\/wp\/v2\/program-status?post=8420"}],"curies":[{"name":"wp","href":"https:\/\/api.w.org\/{rel}","templated":true}]}}