{"id":2602,"date":"2015-01-28T09:40:29","date_gmt":"2015-01-28T08:40:29","guid":{"rendered":"https:\/\/www.kunskapsforbundet.se\/vuxenutbildningen\/?post_type=program&#038;p=2602"},"modified":"2026-02-16T11:17:04","modified_gmt":"2026-02-16T10:17:04","slug":"yh-medicinsk-vardadministrator","status":"publish","type":"program","link":"https:\/\/kunskapsforbundet.se\/vuxenutbildningen\/program\/yh-medicinsk-vardadministrator\/","title":{"rendered":"YH | Medicinsk v\u00e5rd\u00adadministrat\u00f6r"},"content":{"rendered":"\n<div class=\"pages__ingress pb-4 mb-0\"><p class=\"wp-block-ggb-block-feature__ingress\">Vill du arbeta med v\u00e5rdens administration och bidra till h\u00f6g kvalitet och patients\u00e4kerhet? L\u00e4s till medicinsk v\u00e5rdadministrat\u00f6r p\u00e5 v\u00e5r distansutbildning.<\/p><\/div>\n\n\n\n<p>F\u00f6rsta g\u00e5ngen du g\u00e5r in i ans\u00f6kningsportalen skapar du ett konto. En l\u00e4nk skickas till din e-post f\u00f6r att skapa ett l\u00f6senord. D\u00e4refter loggar du in f\u00f6r att skicka din ans\u00f6kan till Kunskapsf\u00f6rbundet V\u00e4sts yrkesh\u00f6gskola.<\/p>\n\n\n\n<div style=\"height:2px\" aria-hidden=\"true\" class=\"wp-block-spacer\"><\/div>\n\n\n\n<div class=\"wp-block-buttons is-layout-flex wp-block-buttons-is-layout-flex\">\n<div class=\"wp-block-button\"><a class=\"wp-block-button__link has-black-color has-luminous-vivid-amber-background-color has-text-color has-background has-link-color wp-element-button\" style=\"border-radius:0px\">OBS! Ingen start h\u00f6sten 2026<\/a><\/div>\n<\/div>\n\n\n\n<p>Som medicinsk v\u00e5rdadministrat\u00f6r \u00e4r du en viktig del av v\u00e5rdteamet och fungerar som ett kvalificerat administrativt st\u00f6d i verksamheten. I dagens snabbt f\u00f6r\u00e4nderliga v\u00e5rdmilj\u00f6 blir din roll \u00e4nnu mer betydelsefull. Med den \u00f6kade digitaliseringen och inf\u00f6randet av ny teknik \u00e4r v\u00e5rdadministrat\u00f6rernas arbetsuppgifter i st\u00e4ndig utveckling, vilket g\u00f6r rollen b\u00e5de kvalificerad och framtidss\u00e4ker.<\/p>\n\n\n\n<p>Ta chansen att bli en del av v\u00e5rden i en roll som st\u00e4ndigt utvecklas och erbjuder sp\u00e4nnande utmaningar!<\/p>\n\n\n\n<div style=\"height:9px\" aria-hidden=\"true\" class=\"wp-block-spacer\"><\/div>\n\n\n\n<h2 class=\"wp-block-heading\" id=\"yrkesroll\">Yrkesroll och arbetsuppgifter<\/h2>\n\n\n\n<div style=\"height:3px\" aria-hidden=\"true\" class=\"wp-block-spacer\"><\/div>\n\n\n\n<p>Arbetsuppgifterna varierar beroende p\u00e5 region och v\u00e5rdenhet, men vanliga ansvarsomr\u00e5den inkluderar remisshantering, systemadministration, diagnosklassificering och service i reception. Ut\u00f6ver detta kan du arbeta med ekonomihantering, bearbetning av data och statistik samt personaladministration. Att vara en del av ett team, kunna ge service och ha patientkontakt \u00e4r genomg\u00e5ende inslag i yrkesrollen.<\/p>\n\n\n\n<p>Efter examen kan du arbeta som exempelvis v\u00e5rdadministrat\u00f6r, l\u00e4karsekreterare, medicinsk v\u00e5rdadministrat\u00f6r eller medicinsk sekreterare. Du  har m\u00f6jlighet att arbeta inom hela sjukv\u00e5rden, exempelvis p\u00e5 sjukhus, v\u00e5rdcentraler, rehabiliteringsmottagningar, forskningscentra och p\u00e5 l\u00e4kemedelsf\u00f6retag. Din kompetens efterfr\u00e5gas ocks\u00e5 inom andra sektorer i samh\u00e4llet, b\u00e5de inom privat och offentlig sektor.<\/p>\n\n\n\n<div style=\"height:9px\" aria-hidden=\"true\" class=\"wp-block-spacer\"><\/div>\n\n\n\n<h2 class=\"wp-block-heading\"><strong>Detta l\u00e4r du dig<\/strong><\/h2>\n\n\n\n<div style=\"height:3px\" aria-hidden=\"true\" class=\"wp-block-spacer\"><\/div>\n\n\n\n<p>\u2705 Medicinsk dokumentation och terminologi<br>\u2705 Diagnosklassificering<br>\u2705 Anatomi, fysiologi och sjukdomsl\u00e4ra<br>\u2705 IT och e-h\u00e4lsa<br>\u2705 V\u00e5rdrelaterad juridik<br>\u2705 Bem\u00f6tande och kommunikation<br>\u2705 Administration och hantering av allm\u00e4n handling<br>\u2705 V\u00e5rdens organisation och verksamhet<br>\u2705 Examensarbete<br>\u2705 Praktisk erfarenhet genom LIA (L\u00e4rande i arbete)<\/p>\n\n\n\n<div style=\"height:9px\" aria-hidden=\"true\" class=\"wp-block-spacer\"><\/div>\n\n\n\n<h2 class=\"wp-block-heading\" id=\"samarbeten\"><strong>S\u00e5 fungerar utbildningen<\/strong><\/h2>\n\n\n\n<div style=\"height:3px\" aria-hidden=\"true\" class=\"wp-block-spacer\"><\/div>\n\n\n\n<p>\ud83d\udccc 400 YH-po\u00e4ng (ca 2 \u00e5r p\u00e5 heltid)<br>\ud83d\udccc Distansutbildning via Google Meet och digitala verktyg<br>\ud83d\udccc L\u00e4rarledda lektioner, f\u00f6rel\u00e4sningar, diskussioner, inspelat material, sj\u00e4lvstudier och grupparbeten<br>\ud83d\udccc 2\u20133 obligatoriska tr\u00e4ffar i V\u00e4nersborg per termin<br>\ud83d\udccc LIA (praktik) motsvarar en fj\u00e4rdedel av utbildningen (35 h\/vecka p\u00e5 arbetsplatsen) Du kan sj\u00e4lv s\u00f6ka LIA-plats, men vi s\u00e4kerst\u00e4ller kvalitet och tilldelar plats vid behov (kan inneb\u00e4ra pendling eller tillf\u00e4lligt boende p\u00e5 annan ort)<br>\ud83d\udccc Helt kostnadsfri och CSN-ber\u00e4ttigad (kostnad f\u00f6r kurslitteratur, resor och boende kan tillkomma)<\/p>\n\n\n\n<div style=\"height:9px\" aria-hidden=\"true\" class=\"wp-block-spacer\"><\/div>\n\n\n\n<h2 class=\"wp-block-heading\"><strong>Beh\u00f6righet<\/strong><\/h2>\n\n\n\n<div style=\"height:3px\" aria-hidden=\"true\" class=\"wp-block-spacer\"><\/div>\n\n\n\n<p>Beh\u00f6rig att antas \u00e4r du som uppfyller n\u00e5got av f\u00f6ljande:<\/p>\n\n\n\n<ol class=\"wp-block-list\">\n<li>Har en gymnasieexamen fr\u00e5n gymnasieskolan eller kommunal vuxenutbildning<\/li>\n\n\n\n<li>Har en svensk eller utl\u00e4ndsk utbildning som motsvarar kraven ovan<\/li>\n\n\n\n<li>\u00c4r bosatt i Danmark, Finland, Island eller Norge och d\u00e4r beh\u00f6rig till motsvarande utbildning<\/li>\n\n\n\n<li>Har motsvarande kunskaper genom annan utbildning, praktisk erfarenhet eller andra omst\u00e4ndigheter<\/li>\n<\/ol>\n\n\n\n<p><strong>S\u00e4rskilda f\u00f6rkunskaper:<\/strong><br>&#8211; Svenska 2 eller Svenska som andraspr\u00e5k 2 (l\u00e4gst betyg E\/G\/3)<br>&#8211; Engelska 6 eller motsvarande (l\u00e4gst betyg E\/G\/3)<\/p>\n\n\n\n<p><strong>Yrkeserfarenhet:<\/strong> Ingen erfarenhet kr\u00e4vs.<\/p>\n\n\n\n<p><strong>Reell kompetens:<\/strong> Om du saknar formella betyg kan du \u00e5beropa reell kompetens. D\u00e5 kan vi bed\u00f6ma din beh\u00f6righet genom skriftligt, muntligt eller praktiskt test.<\/p>\n\n\n\n<p>\ud83d\udc49 Har du fr\u00e5gor? Kontakta v\u00e5ra studie- och yrkesv\u00e4gledare via <a href=\"https:\/\/minasidor.kunskapsforbundet.se\/oversikt\/overview\/281\" data-type=\"link\" data-id=\"https:\/\/minasidor.kunskapsforbundet.se\/oversikt\/overview\/281\" target=\"_blank\" rel=\"noreferrer noopener\">denna e-tj\u00e4nst<\/a>.<\/p>\n\n\n\n<div style=\"height:9px\" aria-hidden=\"true\" class=\"wp-block-spacer\"><\/div>\n\n\n\n<h2 class=\"wp-block-heading\"><strong>Urval<\/strong><\/h2>\n\n\n\n<div style=\"height:3px\" aria-hidden=\"true\" class=\"wp-block-spacer\"><\/div>\n\n\n\n<p>Vid fler s\u00f6kande \u00e4n platser sker urval genom digitalt urvalsprov via yh-antagning.se.<\/p>\n\n\n\n<hr class=\"wp-block-separator has-alpha-channel-opacity\" \/>\n\n\n\n<div style=\"height:9px\" aria-hidden=\"true\" class=\"wp-block-spacer\"><\/div>\n\n\n\n<h2 class=\"wp-block-heading\"><strong>S\u00e5 ans\u00f6ker du<\/strong> &#8211; OBS! Ingen start h\u00f6sten 2026<\/h2>\n\n\n\n<ul class=\"wp-block-list\">\n<li>Skapa ett konto i ans\u00f6kningsportalen.<\/li>\n\n\n\n<li>Bekr\u00e4fta din e-postadress och skapa l\u00f6senord.<\/li>\n\n\n\n<li>Logga in och skicka in din ans\u00f6kan.<\/li>\n<\/ul>\n\n\n\n<p><\/p>\n\n\n\n<p>\ud83d\udc49 Har du fr\u00e5gor om beh\u00f6righet eller ans\u00f6kan? Kontakta v\u00e5ra studie- och yrkesv\u00e4gledare <a href=\"https:\/\/minasidor.kunskapsforbundet.se\/oversikt\/overview\/281\" data-type=\"link\" data-id=\"https:\/\/minasidor.kunskapsforbundet.se\/oversikt\/overview\/281\" target=\"_blank\" rel=\"noreferrer noopener\">via e-tj\u00e4nst<\/a>.<\/p>\n\n\n\n<div style=\"height:9px\" aria-hidden=\"true\" class=\"wp-block-spacer\"><\/div>\n\n\n\n<h2 class=\"wp-block-heading\">Studiefinansiering\/CSN<\/h2>\n\n\n\n<div style=\"height:3px\" aria-hidden=\"true\" class=\"wp-block-spacer\"><\/div>\n\n\n\n<p>Utbildningen \u00e4r avgiftsfri. Eventuella utgifter f\u00f6r resor, kost och logi, t.ex. i samband med LIA, samt kurslitte\u00adratur st\u00e5r den studerande f\u00f6r. Studierna kan finansieras med studiemedel fr\u00e5n CSN. L\u00e4s mer p\u00e5 <a href=\"https:\/\/www.csn.se\/\" data-type=\"link\" data-id=\"https:\/\/www.csn.se\/\">www.csn.se<\/a><\/p>\n\n\n\n<div style=\"height:9px\" aria-hidden=\"true\" class=\"wp-block-spacer\"><\/div>\n\n\n\n<h2 class=\"wp-block-heading\"><strong>Kort om utbildningen<\/strong><\/h2>\n\n\n\n<div style=\"height:3px\" aria-hidden=\"true\" class=\"wp-block-spacer\"><\/div>\n\n\n\n<p>Som medicinsk v\u00e5rdadministrat\u00f6r blir du l\u00e4nken mellan v\u00e5rdens professioner, patienter och administration. Utbildningen ger dig kunskaper i medicinsk terminologi, juridik, IT och e-h\u00e4lsa samt praktisk erfarenhet genom LIA. Yrkesrollen \u00e4r i st\u00e4ndig utveckling och efterfr\u00e5gas brett p\u00e5 arbetsmarknaden.<\/p>\n\n\n\n<div style=\"height:9px\" aria-hidden=\"true\" class=\"wp-block-spacer\"><\/div>\n\n\n\n<h2 class=\"wp-block-heading\"><strong>Utvecklad i samverkan med arbetslivet<\/strong><\/h2>\n\n\n\n<div style=\"height:3px\" aria-hidden=\"true\" class=\"wp-block-spacer\"><\/div>\n\n\n\n<p>Utbildningen \u00e4r framtagen tillsammans med arbetsgivare inom v\u00e5rden, vilket s\u00e4kerst\u00e4ller relevans och arbetslivsn\u00e4ra inneh\u00e5ll. Genom praktik, f\u00f6rel\u00e4sningar och examensarbete f\u00e5r du direkt till\u00e4mpbara kunskaper.<\/p>\n\n\n\n<div style=\"height:9px\" aria-hidden=\"true\" class=\"wp-block-spacer\"><\/div>\n\n\n\n<h2 class=\"wp-block-heading\">Kurser och po\u00e4ng<\/h2>\n\n\n\n<div style=\"height:3px\" aria-hidden=\"true\" class=\"wp-block-spacer\"><\/div>\n\n\n\n<p>Anatomi, fysiologi och sjukdomsl\u00e4ra | 35p<br>Diagnosklassificering | 25p<br>Medicinsk terminologi och skrivregler | 45p<br>V\u00e5rdrelaterad juridik | 30p<br>IT och e-h\u00e4lsa | 30p<br>Bem\u00f6tande och kommunikation | 25p<br>V\u00e5rdens organisation och verksamhet | 20p<br>Administration och hantering av allm\u00e4n handling | 15p<br>Medicinsk dokumentation | 25p<br>LIA, l\u00e4rande i arbete | 100p<br>Examensarbete | 25p<br><strong>Totalt antal YH-po\u00e4ng: 400p<\/strong><\/p>\n\n\n\n<div style=\"height:9px\" aria-hidden=\"true\" class=\"wp-block-spacer\"><\/div>\n\n\n\n<h2 class=\"wp-block-heading\">Studietider<\/h2>\n\n\n\n<div style=\"height:3px\" aria-hidden=\"true\" class=\"wp-block-spacer\"><\/div>\n\n\n\n<p><strong>Studieperioder f\u00f6r utbildning med start i augusti 2025<\/strong><\/p>\n\n\n\n<p>Studieperiod 1 : 250818 \u2013 260522, 40 veckor, 200 yhp, distans<br>Studieperiod 2: 260817 \u2013 270521, 40 veckor, 200 yhp, distans<\/p>\n\n\n\n<p><strong>Studieperioder f\u00f6r utbildning med start i augusti 2024<\/strong><\/p>\n\n\n\n<p>Period 1: 240819 \u2013 250523, 200 po\u00e4ng<br>Period 2: 250818 &#8211; 260522, 200 po\u00e4ng<\/p>\n\n\n<p><\/p>","protected":false},"excerpt":{"rendered":"<p>F\u00f6rsta g\u00e5ngen du g\u00e5r in i ans\u00f6kningsportalen skapar du ett konto. En l\u00e4nk skickas till din e-post f\u00f6r att skapa ett l\u00f6senord. D\u00e4refter loggar du in f\u00f6r att skicka din ans\u00f6kan till Kunskapsf\u00f6rbundet V\u00e4sts yrkesh\u00f6gskola. Som medicinsk v\u00e5rdadministrat\u00f6r \u00e4r du en viktig del av v\u00e5rdteamet och fungerar som ett kvalificerat administrativt st\u00f6d i verksamheten. I [&hellip;]<\/p>\n","protected":false},"featured_media":24552,"template":"","program-edutype":[998],"program-nextstart":[],"program-type":[939],"program-city":[984],"program-status":[971],"class_list":["post-2602","program","type-program","status-publish","has-post-thumbnail","hentry","program-type-eftergymnasial-utbildning"],"acf":[],"_links":{"self":[{"href":"https:\/\/kunskapsforbundet.se\/vuxenutbildningen\/wp-json\/wp\/v2\/program\/2602","targetHints":{"allow":["GET"]}}],"collection":[{"href":"https:\/\/kunskapsforbundet.se\/vuxenutbildningen\/wp-json\/wp\/v2\/program"}],"about":[{"href":"https:\/\/kunskapsforbundet.se\/vuxenutbildningen\/wp-json\/wp\/v2\/types\/program"}],"version-history":[{"count":311,"href":"https:\/\/kunskapsforbundet.se\/vuxenutbildningen\/wp-json\/wp\/v2\/program\/2602\/revisions"}],"predecessor-version":[{"id":29031,"href":"https:\/\/kunskapsforbundet.se\/vuxenutbildningen\/wp-json\/wp\/v2\/program\/2602\/revisions\/29031"}],"wp:featuredmedia":[{"embeddable":true,"href":"https:\/\/kunskapsforbundet.se\/vuxenutbildningen\/wp-json\/wp\/v2\/media\/24552"}],"wp:attachment":[{"href":"https:\/\/kunskapsforbundet.se\/vuxenutbildningen\/wp-json\/wp\/v2\/media?parent=2602"}],"wp:term":[{"taxonomy":"program-edutype","embeddable":true,"href":"https:\/\/kunskapsforbundet.se\/vuxenutbildningen\/wp-json\/wp\/v2\/program-edutype?post=2602"},{"taxonomy":"program-nextstart","embeddable":true,"href":"https:\/\/kunskapsforbundet.se\/vuxenutbildningen\/wp-json\/wp\/v2\/program-nextstart?post=2602"},{"taxonomy":"program-type","embeddable":true,"href":"https:\/\/kunskapsforbundet.se\/vuxenutbildningen\/wp-json\/wp\/v2\/program-type?post=2602"},{"taxonomy":"program-city","embeddable":true,"href":"https:\/\/kunskapsforbundet.se\/vuxenutbildningen\/wp-json\/wp\/v2\/program-city?post=2602"},{"taxonomy":"program-status","embeddable":true,"href":"https:\/\/kunskapsforbundet.se\/vuxenutbildningen\/wp-json\/wp\/v2\/program-status?post=2602"}],"curies":[{"name":"wp","href":"https:\/\/api.w.org\/{rel}","templated":true}]}}