{"id":18617,"date":"2023-04-12T12:18:33","date_gmt":"2023-04-12T10:18:33","guid":{"rendered":"https:\/\/kunskapsforbundet.se\/vuxenutbildningen\/?post_type=program&#038;p=18617"},"modified":"2026-04-29T20:43:48","modified_gmt":"2026-04-29T18:43:48","slug":"yrkesvux-vard-och-omsorg-med-sprakstod","status":"publish","type":"program","link":"https:\/\/kunskapsforbundet.se\/vuxenutbildningen\/program\/yrkesvux-vard-och-omsorg-med-sprakstod\/","title":{"rendered":"V\u00e5rd och omsorg &#8211; undersk\u00f6terska | Spr\u00e5kst\u00f6d"},"content":{"rendered":"<section class=\"wp-block-kunskapsforbundetpageblocks-course-hero\"  style=\"--course-hero-focal-point-x:0.5; --course-hero-focal-point-y:0.5; --course-hero-background:var(--purple-light); --course-hero-box-color:var(--purple-dark); --course-hero-text:var(--black); --course-box-text:var(--white);\"\n>\n  <div class=\"course-hero-image-wrapper\">\n          <img decoding=\"async\" src=\"https:\/\/kunskapsforbundet.se\/app\/uploads\/sites\/6\/2023\/04\/vuxwebb_139.jpg\" sizes=\"Array\" alt=\"Tv\u00e5 kvinnliga elever \u00f6var p\u00e5 att s\u00e4tta dropp. Studerar till undersk\u00f6terska.\" class=\"course-hero-image\" \/>\n      <\/div>\n\n  <div class=\"course-hero-content\">\n    <h1 class=\"course-hero-heading hyphens\">V\u00e5rd och omsorg &#8211; undersk\u00f6terska | Spr\u00e5kst\u00f6d<\/h1>\n    <p class=\"course-hero-description\">Yrkesutbildning | Komvux<\/p>\n\n    \n    \n    <div class=\"course-hero-tab\">\n      <div class=\"course-hero-city\">V\u00e4nersborg<\/div>\n      <div class=\"course-hero-length\">80 veckor<\/div>\n    <\/div>\n        <div class=\"course-hero-circle course-hero-circle--ongoing\">\n      <div class=\"course-hero-status\">P\u00e5g\u00e5ende <\/div>\n    <\/div>\n      <\/div>\n<\/section>\n\n\n\n<div style=\"height:80px\" aria-hidden=\"true\" class=\"wp-block-spacer\"><\/div>\n\n\n\n<section style=\"background-color:transparent;--kf-button-icon-background:transparent\" class=\"wp-block-kunskapsforbundetpageblocks-container\"><div class=\"container-block width-narrow false\">\n<p class=\"has-is-size-5-font-size\">Vill du g\u00f6ra skillnad f\u00f6r andra m\u00e4nniskor &#8211; p\u00e5 riktigt? Med v\u00e5r v\u00e5rd- och omsorgsutbildning &#8211; undersk\u00f6terska med spr\u00e5kst\u00f6d f\u00e5r du den kompetens som efterfr\u00e5gas av branschen, samtidigt som du f\u00e5r spr\u00e5kst\u00f6d. Perfekt f\u00f6r dig som inte har svenska som modersm\u00e5l. <\/p>\n<\/div><\/section>\n\n\n\n<div style=\"height:80px\" aria-hidden=\"true\" class=\"wp-block-spacer\"><\/div>\n\n\n\n<section style=\"background-color:var(--purple-light);--kf-button-icon-background:var(--purple-light)\" class=\"wp-block-kunskapsforbundetpageblocks-container\"><div class=\"container-boxes container-boxes--vux\"><div><\/div><div><\/div><div><\/div><\/div><div class=\"container-block width-narrow false\">\n<div style=\"height:24px\" aria-hidden=\"true\" class=\"wp-block-spacer\"><\/div>\n\n\n\n<h2 class=\"wp-block-heading has-text-align-center has-is-size-4-font-size\">Kortfakta<\/h2>\n\n\n\n<div style=\"height:24px\" aria-hidden=\"true\" class=\"wp-block-spacer\"><\/div>\n\n\n\n<div class=\"wp-block-columns is-layout-flex wp-container-core-columns-is-layout-9d6595d7 wp-block-columns-is-layout-flex\">\n<div class=\"wp-block-column is-layout-flow wp-block-column-is-layout-flow\"><\/div>\n\n\n\n<div class=\"wp-block-column is-layout-flow wp-block-column-is-layout-flow\" style=\"flex-basis:45%\">\n<p class=\"has-text-align-left\"><strong>N\u00e4sta planerade start: <\/strong>V\u00e5ren 2027<strong><br>Utbildningsl\u00e4ngd<\/strong>: 80 veckor<br><strong>Utbildningsort<\/strong>: V\u00e4nersborg<br><strong>Studietakt<\/strong>: Heltid<br><strong>Studieform<\/strong>: Dagtid<br><\/p>\n<\/div>\n\n\n\n<div class=\"wp-block-column is-layout-flow wp-block-column-is-layout-flow\" style=\"flex-basis:45%\">\n<p class=\"has-text-align-left\"><strong>Praktik under utbildning: <\/strong>\u2713<strong><br>CSN ber\u00e4ttigad: <\/strong>\u2713<br><\/p>\n<\/div>\n\n\n\n<div class=\"wp-block-column is-layout-flow wp-block-column-is-layout-flow\"><\/div>\n<\/div>\n\n\n\n<div style=\"height:23px\" aria-hidden=\"true\" class=\"wp-block-spacer\"><\/div>\n\n\n\n<div class=\"wp-block-kunskapsforbundetpageblocks-kf-buttons aligncenter\" data-accordions=\"true\">\n<a style=\"--kf-button-background:var(--purple-dark);--kf-button-text:var(--white)\" class=\"wp-block-kunskapsforbundetpageblocks-kf-button kf-button-simple kf-button-size-large\" href=\"https:\/\/kunskapsforbundet.se\/vuxenutbildningen\/komvuxansokan\/\" rel=\"noopener noreferrer\" target=\"_blank\"><div class=\"kf-button-heading\">Ans\u00f6k h\u00e4r<\/div><\/a>\n<\/div>\n\n\n\n<div style=\"height:40px\" aria-hidden=\"true\" class=\"wp-block-spacer\"><\/div>\n<\/div><\/section>\n\n\n\n<div style=\"height:80px\" aria-hidden=\"true\" class=\"wp-block-spacer\"><\/div>\n\n\n\n<section style=\"background-color:transparent;--kf-button-icon-background:transparent\" class=\"wp-block-kunskapsforbundetpageblocks-container\"><div class=\"container-block width-wide false\">\n<h2 class=\"wp-block-heading has-text-align-center has-is-size-3-font-size\">Om utbildningen<\/h2>\n\n\n\n<div style=\"height:16px\" aria-hidden=\"true\" class=\"wp-block-spacer\"><\/div>\n\n\n\n<section style=\"background-color:transparent;--kf-button-icon-background:transparent\" class=\"wp-block-kunskapsforbundetpageblocks-container\"><div class=\"container-block width-narrow false\">\n<p>P\u00e5 v\u00e5rd- och omsorgsutbildningen f\u00e5r du kunskap och kompetens f\u00f6r att kunna arbeta inom h\u00e4lso- och sjukv\u00e5rd, \u00e4ldre omsorgen, psykiatriska verksamheter eller verksamheter f\u00f6r personer med funktionsvariationer. Det \u00e4r en utbildning f\u00f6r dig som tycker om att hj\u00e4lpa och arbeta med m\u00e4nniskor.&nbsp;Du l\u00e4r dig att utveckla f\u00f6rm\u00e5gor som att vara lyh\u00f6rd, vara kreativ samt inta ett etiskt och professionellt f\u00f6rh\u00e5llningss\u00e4tt. I utbildningen ing\u00e5r ocks\u00e5 f\u00f6rst\u00e4rkt spr\u00e5kst\u00f6d samt extra studiest\u00f6d.<br><br>V\u00e5rd och omsorg &#8211; undersk\u00f6terska med spr\u00e5kst\u00f6d \u00e4r en yrkesutbildning f\u00f6r vuxna som snabbt g\u00f6r dig redo f\u00f6r arbetslivet i en bransch d\u00e4r skickliga yrkespersoner beh\u00f6vs. Vi fokuserar p\u00e5 det som faktiskt r\u00e4knas: att g\u00f6ra dig redo f\u00f6r arbetslivet \u2013 snabbt!<\/p>\n<\/div><\/section>\n\n\n\n<div style=\"height:42px\" aria-hidden=\"true\" class=\"wp-block-spacer\"><\/div>\n\n\n\n<div class=\"wp-block-columns is-layout-flex wp-container-core-columns-is-layout-9d6595d7 wp-block-columns-is-layout-flex\">\n<div class=\"wp-block-column is-layout-flow wp-block-column-is-layout-flow\">\n<dl class=\"wp-block-kunskapsforbundetpageblocks-accordion\" data-accordions=\"true\">\n<div style=\"--accordion-head-background:var(--purple-dark);--accordion-head-text:var(--white)\" class=\"wp-block-kunskapsforbundetpageblocks-accordion-tab\"><dt><button class=\"tab-page-head\" id=\"tab-2315de63-f941-416b-ba0e-5a207f13e2be\" aria-controls=\"panel-tab-2315de63-f941-416b-ba0e-5a207f13e2be\" aria-selected=\"false\" aria-label=\"Utbildningens uppl\u00e4gg\"><span class=\"tab-page-heading\">Utbildningens uppl\u00e4gg<\/span><span><span class=\"accordion-icon\"><svg xmlns=\"http:\/\/www.w3.org\/2000\/svg\" viewBox=\"0 0 20 20\" fill=\"currentColor\"><path fill-rule=\"evenodd\" d=\"M8.22 5.22a.75.75 0 0 1 1.06 0l4.25 4.25a.75.75 0 0 1 0 1.06l-4.25 4.25a.75.75 0 0 1-1.06-1.06L11.94 10 8.22 6.28a.75.75 0 0 1 0-1.06Z\" clip-rule=\"evenodd\"><\/path><\/svg><\/span><span class=\"accordion-icon is-hidden\"><svg xmlns=\"http:\/\/www.w3.org\/2000\/svg\" viewBox=\"0 0 20 20\" fill=\"currentColor\"><path fill-rule=\"evenodd\" d=\"M5.22 8.22a.75.75 0 0 1 1.06 0L10 11.94l3.72-3.72a.75.75 0 1 1 1.06 1.06l-4.25 4.25a.75.75 0 0 1-1.06 0L5.22 9.28a.75.75 0 0 1 0-1.06Z\" clip-rule=\"evenodd\"><\/path><\/svg><\/span><\/span><\/button><\/dt><dd id=\"panel-tab-2315de63-f941-416b-ba0e-5a207f13e2be\" class=\"tab-page-body is-hidden\" role=\"tabpanel\" aria-hidden=\"true\"><div>\n<p><em>V\u00e5rd och omsorgsutbildning med spr\u00e5kst\u00f6d<\/em>&nbsp;\u00e4r en utbildning med extra studiest\u00f6d. <br><br>Utbildningen kombinerar teoretiska studier med arbetsplatsf\u00f6rlagt l\u00e4rande (APL) inom v\u00e5rd och omsorg. Detta ger dig en praktisk inblick i kommande yrkesliv. <\/p>\n<\/div><\/dd><\/div>\n\n\n\n<div style=\"--accordion-head-background:var(--purple);--accordion-head-text:var(--white)\" class=\"wp-block-kunskapsforbundetpageblocks-accordion-tab\"><dt><button class=\"tab-page-head\" id=\"tab-2993d588-62ad-4ff9-8e91-224222f0cbef\" aria-controls=\"panel-tab-2993d588-62ad-4ff9-8e91-224222f0cbef\" aria-selected=\"false\" aria-label=\"\u00c4mnen\"><span class=\"tab-page-heading\">\u00c4mnen<\/span><span><span class=\"accordion-icon\"><svg xmlns=\"http:\/\/www.w3.org\/2000\/svg\" viewBox=\"0 0 20 20\" fill=\"currentColor\"><path fill-rule=\"evenodd\" d=\"M8.22 5.22a.75.75 0 0 1 1.06 0l4.25 4.25a.75.75 0 0 1 0 1.06l-4.25 4.25a.75.75 0 0 1-1.06-1.06L11.94 10 8.22 6.28a.75.75 0 0 1 0-1.06Z\" clip-rule=\"evenodd\"><\/path><\/svg><\/span><span class=\"accordion-icon is-hidden\"><svg xmlns=\"http:\/\/www.w3.org\/2000\/svg\" viewBox=\"0 0 20 20\" fill=\"currentColor\"><path fill-rule=\"evenodd\" d=\"M5.22 8.22a.75.75 0 0 1 1.06 0L10 11.94l3.72-3.72a.75.75 0 1 1 1.06 1.06l-4.25 4.25a.75.75 0 0 1-1.06 0L5.22 9.28a.75.75 0 0 1 0-1.06Z\" clip-rule=\"evenodd\"><\/path><\/svg><\/span><\/span><\/button><\/dt><dd id=\"panel-tab-2993d588-62ad-4ff9-8e91-224222f0cbef\" class=\"tab-page-body is-hidden\" role=\"tabpanel\" aria-hidden=\"true\"><div>\n<p><strong>\u00c4mnen f\u00f6r utbildningen<\/strong><\/p>\n\n\n\n<p>Studieperiod 1<\/p>\n\n\n\n<ul class=\"wp-block-list\">\n<li>Social omsorg, niv\u00e5 1, 100p<\/li>\n\n\n\n<li>Omv\u00e5rdnad, niv\u00e5 1, 100p<\/li>\n\n\n\n<li>Svenska\/svenska som andraspr\u00e5k, grundl\u00e4ggande niv\u00e5 dk4, 200p<\/li>\n\n\n\n<li>Orienteringskurs introduktion, 50p<\/li>\n\n\n\n<li>Orienteringskurs yrkessvenska, 100p<\/li>\n<\/ul>\n\n\n\n<p>Studieperiod 2<\/p>\n\n\n\n<ul class=\"wp-block-list\">\n<li>Gerontologi och geriatrik niv\u00e5 1, 100p<\/li>\n\n\n\n<li>Funktionsf\u00f6rm\u00e5ga och funktionsneds\u00e4ttning niv\u00e5 1, 100p<\/li>\n\n\n\n<li>Anatomi och fysiologi niv\u00e5 1a1, 50p<\/li>\n\n\n\n<li>Psykologi niv\u00e5 1, 50p<\/li>\n\n\n\n<li>Samh\u00e4llskunskap niv\u00e5 1a1, 50p<\/li>\n\n\n\n<li>Svenska\/svenska som andraspr\u00e5k niv\u00e5 1, 50p<\/li>\n\n\n\n<li>Yrkessvenska 50p<\/li>\n<\/ul>\n\n\n\n<p>Studieperiod 3<\/p>\n\n\n\n<ul class=\"wp-block-list\">\n<li>H\u00e4lso- och sjukv\u00e5rd niv\u00e5 1, 100p<\/li>\n\n\n\n<li>Social omsorg niv\u00e5 2, 100p<\/li>\n\n\n\n<li>Anatomi och fysiologi niv\u00e5 1a2, 50p<\/li>\n\n\n\n<li>Psykiatri niv\u00e5 1, 100p<\/li>\n\n\n\n<li>Svenska\/svenska som andraspr\u00e5k niv\u00e5 1, 50p<\/li>\n\n\n\n<li>Yrkessvenska, 50p<\/li>\n<\/ul>\n\n\n\n<p>Studieperiod 4<\/p>\n\n\n\n<ul class=\"wp-block-list\">\n<li>H\u00e4lso- och sjukv\u00e5rd niv\u00e5 2, 100p<\/li>\n\n\n\n<li>Psykiatri niv\u00e5 2, 100p<\/li>\n\n\n\n<li>Funktionsf\u00f6rm\u00e5ga och funktionsneds\u00e4ttning niv\u00e5 2, 100p<\/li>\n\n\n\n<li>Omv\u00e5rdnad niv\u00e5 2, 100p<\/li>\n\n\n\n<li>Komvuxarbete, 100p<\/li>\n<\/ul>\n\n\n\n<hr class=\"wp-block-separator has-alpha-channel-opacity\"\/>\n\n\n\n<p><strong>Kurser f\u00f6r utbildning med start januari 2025<\/strong><\/p>\n\n\n\n<ul class=\"wp-block-list\">\n<li>Grundl\u00e4ggande samh\u00e4llskunskap<\/li>\n\n\n\n<li>Svenska\/Svenska som andraspr\u00e5k delkurs 4<\/li>\n\n\n\n<li>Social omsorg 1<\/li>\n\n\n\n<li>Anatomi och fysiologi 1<\/li>\n\n\n\n<li>Orienteringskurs (introduktion)<\/li>\n\n\n\n<li>Svenska 1\/Svenska som andraspr\u00e5k 1<\/li>\n\n\n\n<li>Omv\u00e5rdnad 1<\/li>\n\n\n\n<li>Gerontologi och geriatrik<\/li>\n\n\n\n<li>Anatomi och fysiologi 2<\/li>\n\n\n\n<li>Social omsorg 2<\/li>\n\n\n\n<li>Orienteringskurs (yrkessvenska)<\/li>\n\n\n\n<li>Psykiatri 1<\/li>\n\n\n\n<li>Funktionsf\u00f6rm\u00e5ga och funktionsneds\u00e4ttning 1<\/li>\n\n\n\n<li>H\u00e4lso och sjukv\u00e5rd 1<\/li>\n\n\n\n<li>Psykologi 1<\/li>\n\n\n\n<li>Psykiatri 2<\/li>\n\n\n\n<li>Funktionsf\u00f6rm\u00e5ga och funktionsneds\u00e4ttning 2<\/li>\n\n\n\n<li>H\u00e4lso och sjukv\u00e5rd 2<\/li>\n\n\n\n<li>Omv\u00e5rdnad 2<\/li>\n\n\n\n<li>Samh\u00e4llskunskap 1a1<\/li>\n\n\n\n<li>Komvuxarbete<\/li>\n<\/ul>\n<\/div><\/dd><\/div>\n\n\n\n<div style=\"--accordion-head-background:var(--purple-dark);--accordion-head-text:var(--white)\" class=\"wp-block-kunskapsforbundetpageblocks-accordion-tab\"><dt><button class=\"tab-page-head\" id=\"tab-83fe7bbd-a43d-4d7a-9a56-aa3daa5d476b\" aria-controls=\"panel-tab-83fe7bbd-a43d-4d7a-9a56-aa3daa5d476b\" aria-selected=\"false\" aria-label=\"Efter utbildningen\"><span class=\"tab-page-heading\">Efter utbildningen<\/span><span><span class=\"accordion-icon\"><svg xmlns=\"http:\/\/www.w3.org\/2000\/svg\" viewBox=\"0 0 20 20\" fill=\"currentColor\"><path fill-rule=\"evenodd\" d=\"M8.22 5.22a.75.75 0 0 1 1.06 0l4.25 4.25a.75.75 0 0 1 0 1.06l-4.25 4.25a.75.75 0 0 1-1.06-1.06L11.94 10 8.22 6.28a.75.75 0 0 1 0-1.06Z\" clip-rule=\"evenodd\"><\/path><\/svg><\/span><span class=\"accordion-icon is-hidden\"><svg xmlns=\"http:\/\/www.w3.org\/2000\/svg\" viewBox=\"0 0 20 20\" fill=\"currentColor\"><path fill-rule=\"evenodd\" d=\"M5.22 8.22a.75.75 0 0 1 1.06 0L10 11.94l3.72-3.72a.75.75 0 1 1 1.06 1.06l-4.25 4.25a.75.75 0 0 1-1.06 0L5.22 9.28a.75.75 0 0 1 0-1.06Z\" clip-rule=\"evenodd\"><\/path><\/svg><\/span><\/span><\/button><\/dt><dd id=\"panel-tab-83fe7bbd-a43d-4d7a-9a56-aa3daa5d476b\" class=\"tab-page-body is-hidden\" role=\"tabpanel\" aria-hidden=\"true\"><div>\n<p>Efterfr\u00e5gan p\u00e5 undersk\u00f6terskor v\u00e4ntas vara mycket stor under de n\u00e4rmaste \u00e5ren. Det beh\u00f6vs utbildad personal, b\u00e5de m\u00e4n och kvinnor i olika \u00e5ldrar och med olika bakgrund och livserfarenheter, p\u00e5 arbetsmarknaden. Med en v\u00e5rdutbildning \u00f6kar m\u00f6jligheterna till en tillsvidareanst\u00e4llning.<\/p>\n\n\n\n<p>Exempel p\u00e5 yrken efter utbildningen: Undersk\u00f6terska, personlig assistent, boendest\u00f6djare och st\u00f6dassistent.<\/p>\n<\/div><\/dd><\/div>\n<\/dl>\n<\/div>\n\n\n\n<div class=\"wp-block-column is-layout-flow wp-block-column-is-layout-flow\">\n<dl class=\"wp-block-kunskapsforbundetpageblocks-accordion\" data-accordions=\"true\">\n<div style=\"--accordion-head-background:var(--purple-dark);--accordion-head-text:var(--white)\" class=\"wp-block-kunskapsforbundetpageblocks-accordion-tab\"><dt><button class=\"tab-page-head\" id=\"tab-217636b2-ba33-475f-a675-40f8eeb2027c\" aria-controls=\"panel-tab-217636b2-ba33-475f-a675-40f8eeb2027c\" aria-selected=\"false\" aria-label=\"Rekommenderade f\u00f6rkunskaper\"><span class=\"tab-page-heading\">Rekommenderade f\u00f6rkunskaper<\/span><span><span class=\"accordion-icon\"><svg xmlns=\"http:\/\/www.w3.org\/2000\/svg\" viewBox=\"0 0 20 20\" fill=\"currentColor\"><path fill-rule=\"evenodd\" d=\"M8.22 5.22a.75.75 0 0 1 1.06 0l4.25 4.25a.75.75 0 0 1 0 1.06l-4.25 4.25a.75.75 0 0 1-1.06-1.06L11.94 10 8.22 6.28a.75.75 0 0 1 0-1.06Z\" clip-rule=\"evenodd\"><\/path><\/svg><\/span><span class=\"accordion-icon is-hidden\"><svg xmlns=\"http:\/\/www.w3.org\/2000\/svg\" viewBox=\"0 0 20 20\" fill=\"currentColor\"><path fill-rule=\"evenodd\" d=\"M5.22 8.22a.75.75 0 0 1 1.06 0L10 11.94l3.72-3.72a.75.75 0 1 1 1.06 1.06l-4.25 4.25a.75.75 0 0 1-1.06 0L5.22 9.28a.75.75 0 0 1 0-1.06Z\" clip-rule=\"evenodd\"><\/path><\/svg><\/span><\/span><\/button><\/dt><dd id=\"panel-tab-217636b2-ba33-475f-a675-40f8eeb2027c\" class=\"tab-page-body is-hidden\" role=\"tabpanel\" aria-hidden=\"true\"><div>\n<p>Godk\u00e4nt betyg i:<\/p>\n\n\n\n<ul class=\"wp-block-list\">\n<li>Svenska eller Svenska som andraspr\u00e5k delkurs 3 p\u00e5 grundl\u00e4ggande niv\u00e5<\/li>\n\n\n\n<li>Matematik delkurs 2&nbsp; p\u00e5 grundl\u00e4ggande niv\u00e5<\/li>\n<\/ul>\n\n\n\n<p><em>Alternativt motsvarande kunskaper<\/em><\/p>\n<\/div><\/dd><\/div>\n\n\n\n<div style=\"--accordion-head-background:var(--purple);--accordion-head-text:var(--white)\" class=\"wp-block-kunskapsforbundetpageblocks-accordion-tab\"><dt><button class=\"tab-page-head\" id=\"tab-2b50a478-ea7a-4ba3-b723-d74c0ab411e1\" aria-controls=\"panel-tab-2b50a478-ea7a-4ba3-b723-d74c0ab411e1\" aria-selected=\"false\" aria-label=\"Studieekonomi\"><span class=\"tab-page-heading\">Studieekonomi<\/span><span><span class=\"accordion-icon\"><svg xmlns=\"http:\/\/www.w3.org\/2000\/svg\" viewBox=\"0 0 20 20\" fill=\"currentColor\"><path fill-rule=\"evenodd\" d=\"M8.22 5.22a.75.75 0 0 1 1.06 0l4.25 4.25a.75.75 0 0 1 0 1.06l-4.25 4.25a.75.75 0 0 1-1.06-1.06L11.94 10 8.22 6.28a.75.75 0 0 1 0-1.06Z\" clip-rule=\"evenodd\"><\/path><\/svg><\/span><span class=\"accordion-icon is-hidden\"><svg xmlns=\"http:\/\/www.w3.org\/2000\/svg\" viewBox=\"0 0 20 20\" fill=\"currentColor\"><path fill-rule=\"evenodd\" d=\"M5.22 8.22a.75.75 0 0 1 1.06 0L10 11.94l3.72-3.72a.75.75 0 1 1 1.06 1.06l-4.25 4.25a.75.75 0 0 1-1.06 0L5.22 9.28a.75.75 0 0 1 0-1.06Z\" clip-rule=\"evenodd\"><\/path><\/svg><\/span><\/span><\/button><\/dt><dd id=\"panel-tab-2b50a478-ea7a-4ba3-b723-d74c0ab411e1\" class=\"tab-page-body is-hidden\" role=\"tabpanel\" aria-hidden=\"true\"><div>\n<p>Utbildningen \u00e4r kostnadsfri. Du f\u00e5r sj\u00e4lv st\u00e5 f\u00f6r studiematerial, ev. arbetskl\u00e4der, skor samt resor till och fr\u00e5n praktikplatsen (APL), studiebes\u00f6k osv.<\/p>\n\n\n\n<p>Utbildningen ber\u00e4ttigar till studiest\u00f6d. L\u00e4s mer om studiest\u00f6d p\u00e5 www.csn.se<\/p>\n<\/div><\/dd><\/div>\n\n\n\n<div style=\"--accordion-head-background:var(--purple-dark);--accordion-head-text:var(--white)\" class=\"wp-block-kunskapsforbundetpageblocks-accordion-tab\"><dt><button class=\"tab-page-head\" id=\"tab-38592ba1-d5f4-4ef9-bafc-b016c9cbcab6\" aria-controls=\"panel-tab-38592ba1-d5f4-4ef9-bafc-b016c9cbcab6\" aria-selected=\"false\" aria-label=\"Studieperioder\"><span class=\"tab-page-heading\">Studieperioder<\/span><span><span class=\"accordion-icon\"><svg xmlns=\"http:\/\/www.w3.org\/2000\/svg\" viewBox=\"0 0 20 20\" fill=\"currentColor\"><path fill-rule=\"evenodd\" d=\"M8.22 5.22a.75.75 0 0 1 1.06 0l4.25 4.25a.75.75 0 0 1 0 1.06l-4.25 4.25a.75.75 0 0 1-1.06-1.06L11.94 10 8.22 6.28a.75.75 0 0 1 0-1.06Z\" clip-rule=\"evenodd\"><\/path><\/svg><\/span><span class=\"accordion-icon is-hidden\"><svg xmlns=\"http:\/\/www.w3.org\/2000\/svg\" viewBox=\"0 0 20 20\" fill=\"currentColor\"><path fill-rule=\"evenodd\" d=\"M5.22 8.22a.75.75 0 0 1 1.06 0L10 11.94l3.72-3.72a.75.75 0 1 1 1.06 1.06l-4.25 4.25a.75.75 0 0 1-1.06 0L5.22 9.28a.75.75 0 0 1 0-1.06Z\" clip-rule=\"evenodd\"><\/path><\/svg><\/span><\/span><\/button><\/dt><dd id=\"panel-tab-38592ba1-d5f4-4ef9-bafc-b016c9cbcab6\" class=\"tab-page-body is-hidden\" role=\"tabpanel\" aria-hidden=\"true\"><div>\n<p><strong>Utbildning med start i augusti 2026<\/strong><\/p>\n\n\n\n<ul class=\"wp-block-list\">\n<li>Studieperiod 1: kommer att uppdateras<\/li>\n\n\n\n<li>Studieperiod 2: kommer att uppdateras<\/li>\n\n\n\n<li>Studieperiod 3: kommer att uppdateras<\/li>\n\n\n\n<li>Studieperiod 4: kommer att uppdateras<\/li>\n<\/ul>\n\n\n\n<p><strong>Utbildning med start augusti 2025<\/strong><\/p>\n\n\n\n<ul class=\"wp-block-list\">\n<li>Studieperiod 1: 250818-260102<\/li>\n\n\n\n<li>Studieperiod 2: 260112-260529<\/li>\n\n\n\n<li>Studieperiod 3: 260817-270101<\/li>\n\n\n\n<li>Studieperiod 4: 270211-270528<\/li>\n<\/ul>\n\n\n\n<p><strong>Utbildning med start i januari 2025<\/strong><\/p>\n\n\n\n<ul class=\"wp-block-list\">\n<li>Studieperiod 1: 2025-01-13 \u2013 2025-05-30<\/li>\n\n\n\n<li>Studieperiod 2: 2025-08-18 \u2013 2026-01-02<\/li>\n\n\n\n<li>Studieperiod 3: 2026-01-12 \u2013 2026-05-29<\/li>\n\n\n\n<li>Studieperiod 4: 2026-08-24 \u2013 2027-01-08<\/li>\n<\/ul>\n<\/div><\/dd><\/div>\n<\/dl>\n<\/div>\n<\/div>\n<\/div><\/section>\n\n\n\n\n\n\n\n<div style=\"height:80px\" aria-hidden=\"true\" class=\"wp-block-spacer\"><\/div>\n\n\n\n<section style=\"background-color:var(--orange-light);--kf-button-icon-background:var(--orange-light)\" class=\"wp-block-kunskapsforbundetpageblocks-container\"><div class=\"container-block width-wide false\">\n<div style=\"height:64px\" aria-hidden=\"true\" class=\"wp-block-spacer\"><\/div>\n\n\n\n<div class=\"wp-block-columns are-vertically-aligned-center is-layout-flex wp-container-core-columns-is-layout-9d6595d7 wp-block-columns-is-layout-flex\">\n<div class=\"wp-block-column is-vertically-aligned-center is-layout-flow wp-block-column-is-layout-flow\" style=\"flex-basis:60%\">\n<h2 class=\"wp-block-heading has-black-color has-text-color has-link-color has-is-size-3-font-size wp-elements-c09ef53c0ac8133caaabfeb924edd308\">Har du fr\u00e5gor om utbildningen?<\/h2>\n\n\n\n<div style=\"height:24px\" aria-hidden=\"true\" class=\"wp-block-spacer\"><\/div>\n\n\n\n<p>Du kan alltid kontakta oss vid fr\u00e5gor om v\u00e5ra yrkesutbildningar. V\u00e5ra Studie- och yrkesv\u00e4gledare kan svara p\u00e5 fr\u00e5gor om ans\u00f6kan, beh\u00f6righet och studieplanering. Har du fr\u00e5gor om antagning, intyg, betyg eller svarsbesked kan du kontakta v\u00e5r administration.<\/p>\n\n\n\n<div style=\"height:32px\" aria-hidden=\"true\" class=\"wp-block-spacer\"><\/div>\n\n\n\n<div class=\"wp-block-kunskapsforbundetpageblocks-kf-buttons\" data-accordions=\"true\">\n<a style=\"--kf-button-background:var(--orange-dark);--kf-button-text:var(--white)\" class=\"wp-block-kunskapsforbundetpageblocks-kf-button kf-button-simple kf-button-size-large\" href=\"https:\/\/kunskapsforbundet.se\/vuxenutbildningen\/studie-och-yrkesvagledning\/\" rel=\"noopener noreferrer\" target=\"_blank\"><div class=\"kf-button-heading\">Studie- och yrkesv\u00e4gledning<\/div><\/a>\n\n\n\n<a style=\"--kf-button-background:var(--orange-dark);--kf-button-text:var(--white)\" class=\"wp-block-kunskapsforbundetpageblocks-kf-button kf-button-simple kf-button-size-large\" href=\"https:\/\/minasidor.kunskapsforbundet.se\/oversikt\/overview\/215\" rel=\"noopener noreferrer\" target=\"_blank\"><div class=\"kf-button-heading\">Administration<\/div><\/a>\n<\/div>\n<\/div>\n\n\n\n<div class=\"wp-block-column is-vertically-aligned-center is-layout-flow wp-block-column-is-layout-flow\" style=\"flex-basis:40%\">\n<div class=\"wp-block-kunskapsforbundetpageblocks-media-container shadow-right false\" style=\"--media-container-shadow-color:var(--orange)\">\n<figure class=\"wp-block-image size-full\"><img loading=\"lazy\" decoding=\"async\" width=\"1000\" height=\"667\" src=\"https:\/\/kunskapsforbundet.se\/app\/uploads\/sites\/6\/2025\/09\/VUX-utbildningsmassa-HT25_12.jpg\" alt=\"\" class=\"wp-image-26598\" style=\"aspect-ratio:1;object-fit:cover\" srcset=\"https:\/\/kunskapsforbundet.se\/app\/uploads\/sites\/6\/2025\/09\/VUX-utbildningsmassa-HT25_12.jpg 1000w, https:\/\/kunskapsforbundet.se\/app\/uploads\/sites\/6\/2025\/09\/VUX-utbildningsmassa-HT25_12-300x200.jpg 300w, https:\/\/kunskapsforbundet.se\/app\/uploads\/sites\/6\/2025\/09\/VUX-utbildningsmassa-HT25_12-768x512.jpg 768w\" sizes=\"auto, (max-width: 1000px) 100vw, 1000px\" \/><\/figure>\n<\/div>\n<\/div>\n<\/div>\n\n\n\n<div style=\"height:64px\" aria-hidden=\"true\" class=\"wp-block-spacer\"><\/div>\n<\/div><\/section>\n\n\n\n\n\n\n\n<div style=\"height:80px\" aria-hidden=\"true\" class=\"wp-block-spacer\"><\/div>\n\n\n\n<div class=\"wp-block-group\"><div class=\"wp-block-group__inner-container is-layout-constrained wp-block-group-is-layout-constrained\">\n<h2 class=\"wp-block-heading has-text-align-center\">Liknande utbildningar<\/h2>\n\n\n\n<div style=\"height:45px\" aria-hidden=\"true\" class=\"wp-block-spacer\"><\/div>\n\n\n\n<div style=\"height:24px\" aria-hidden=\"true\" class=\"wp-block-spacer\"><\/div>\n\n\n\n<section style=\"--featured-content-background:transparent;--featured-content-text:var(--black);--kf-button-icon-background:transparent\" class=\"wp-block-kunskapsforbundetpageblocks-featured-content\"><div class=\"featured-content-wrapper\">\n<div style=\"--featured-content-item-focal-point-x:0.5;--featured-content-item-focal-point-y:0.5\" class=\"wp-block-kunskapsforbundetpageblocks-featured-content-item\"><img decoding=\"async\" src=\"https:\/\/kunskapsforbundet.se\/app\/uploads\/sites\/6\/2022\/02\/Yrkesintro_vardomsorg_ver01.jpg\" alt=\"\" class=\"featured-content-item-image\"\/><h2 class=\"featured-content-item-heading\">V\u00e5rd och omsorg &#8211; undersk\u00f6terska<\/h2><div class=\"featured-content-item-content\">\n<div class=\"wp-block-group is-vertical is-content-justification-center is-layout-flex wp-container-core-group-is-layout-bc3d12e9 wp-block-group-is-layout-flex\">\n<div class=\"wp-block-group wp-container-content-9cfa9a5a\"><div class=\"wp-block-group__inner-container is-layout-constrained wp-block-group-is-layout-constrained\">\n<p class=\"has-text-align-center\">Ta chansen att utbilda dig till undersk\u00f6terska. Vi erbjuder en branschn\u00e4ra utbildning med n\u00e4ra f\u00f6rankring till arbetslivet. Det h\u00e4r \u00e4r yrket f\u00f6r dig som vill arbeta med m\u00e4nniskor och g\u00f6ra skillnad i deras liv och vardag. <\/p>\n<\/div><\/div>\n\n\n\n<div class=\"wp-block-kunskapsforbundetpageblocks-kf-buttons aligncenter\" data-accordions=\"true\">\n<a style=\"--kf-button-background:var(--purple-dark);--kf-button-text:var(--white)\" class=\"wp-block-kunskapsforbundetpageblocks-kf-button kf-button-simple kf-button-size-small\" href=\"https:\/\/kunskapsforbundet.se\/vuxenutbildningen\/program\/yrkesvux-vard-och-omsorgsutbildning\/\" rel=\"noopener noreferrer\" target=\"_blank\"><div class=\"kf-button-heading\">L\u00e4s mer utbildningen<\/div><\/a>\n<\/div>\n<\/div>\n\n\n\n<div style=\"height:45px\" aria-hidden=\"true\" class=\"wp-block-spacer\"><\/div>\n<\/div><\/div>\n\n\n\n<div style=\"--featured-content-item-focal-point-x:0.5;--featured-content-item-focal-point-y:0.5\" class=\"wp-block-kunskapsforbundetpageblocks-featured-content-item\"><img decoding=\"async\" src=\"https:\/\/kunskapsforbundet.se\/app\/uploads\/sites\/6\/2021\/11\/vuxwebb_51.jpg\" alt=\"\" class=\"featured-content-item-image\"\/><h2 class=\"featured-content-item-heading\">V\u00e5rd och omsorg &#8211; undersk\u00f6terska | Flex<\/h2><div class=\"featured-content-item-content\">\n<div class=\"wp-block-group is-vertical is-content-justification-center is-layout-flex wp-container-core-group-is-layout-bc3d12e9 wp-block-group-is-layout-flex\">\n<div class=\"wp-block-group wp-container-content-9cfa9a5a\"><div class=\"wp-block-group__inner-container is-layout-constrained wp-block-group-is-layout-constrained\">\n<p class=\"has-text-align-center\">V\u00e5rd och omsorg | Flex \u00e4r utbildningen som b\u00e5de synligg\u00f6r och f\u00f6rst\u00e4rker din kompetens i kombination med arbete. Utbildningen \u00e4r till f\u00f6r dig som idag jobbar inom v\u00e5rd- och omsorgsverksamhet, men som saknar formell utbildning eller betyg som styrker ditt kunnande. <\/p>\n<\/div><\/div>\n\n\n\n<div class=\"wp-block-kunskapsforbundetpageblocks-kf-buttons aligncenter\" data-accordions=\"true\">\n<a style=\"--kf-button-background:var(--purple-dark);--kf-button-text:var(--white)\" class=\"wp-block-kunskapsforbundetpageblocks-kf-button kf-button-simple kf-button-size-small\" href=\"https:\/\/kunskapsforbundet.se\/vuxenutbildningen\/program\/vard-och-omsorg-flex-underskoterska\/\" rel=\"noopener noreferrer\" target=\"_blank\"><div class=\"kf-button-heading\">L\u00e4s mer utbildningen<\/div><\/a>\n<\/div>\n<\/div>\n\n\n\n<div style=\"height:45px\" aria-hidden=\"true\" class=\"wp-block-spacer\"><\/div>\n<\/div><\/div>\n\n\n\n<div style=\"--featured-content-item-focal-point-x:0.5;--featured-content-item-focal-point-y:0.5\" class=\"wp-block-kunskapsforbundetpageblocks-featured-content-item\"><img decoding=\"async\" src=\"https:\/\/kunskapsforbundet.se\/app\/uploads\/sites\/6\/2018\/09\/yrkesvux_vardomsorg_ver01.jpg\" alt=\"\" class=\"featured-content-item-image\"\/><h2 class=\"featured-content-item-heading\">V\u00e5rd och omsorg | Validering<\/h2><div class=\"featured-content-item-content\">\n<div class=\"wp-block-group is-vertical is-content-justification-center is-layout-flex wp-container-core-group-is-layout-bc3d12e9 wp-block-group-is-layout-flex\">\n<div class=\"wp-block-group wp-container-content-9cfa9a5a\"><div class=\"wp-block-group__inner-container is-layout-constrained wp-block-group-is-layout-constrained\">\n<p class=\"has-text-align-center\">Med v\u00e5r v\u00e5rd och omsorgsutbildning med validering f\u00e5r du som som arbetar inom v\u00e5rd och omsorgssektorn chansen att kartl\u00e4gga ditt yrkeskunnande. Validering \u00e4r en m\u00f6jlighet att f\u00e5 sin kunskap och kompetens synliggjord, dokumenterad och erk\u00e4nd.<\/p>\n<\/div><\/div>\n\n\n\n<div class=\"wp-block-kunskapsforbundetpageblocks-kf-buttons aligncenter\" data-accordions=\"true\">\n<a style=\"--kf-button-background:var(--purple-dark);--kf-button-text:var(--white)\" class=\"wp-block-kunskapsforbundetpageblocks-kf-button kf-button-simple kf-button-size-small\" href=\"https:\/\/kunskapsforbundet.se\/vuxenutbildningen\/program\/validering-vard-och-omsorg\/\" rel=\"noopener noreferrer\" target=\"_blank\"><div class=\"kf-button-heading\">L\u00e4s mer utbildningen<\/div><\/a>\n<\/div>\n<\/div>\n\n\n\n<div style=\"height:45px\" aria-hidden=\"true\" class=\"wp-block-spacer\"><\/div>\n<\/div><\/div>\n<\/div><\/section>\n<\/div><\/div>\n\n\n\n<section style=\"background-color:var(--blue-light);--kf-button-icon-background:var(--blue-light)\" class=\"wp-block-kunskapsforbundetpageblocks-container fritt-sok\"><div class=\"container-block width-narrow false\">\n<div class=\"wp-block-media-text is-stacked-on-mobile\" style=\"grid-template-columns:15% auto\"><figure class=\"wp-block-media-text__media\"><img loading=\"lazy\" decoding=\"async\" width=\"500\" height=\"500\" src=\"https:\/\/kunskapsforbundet.se\/app\/uploads\/sites\/6\/2025\/11\/Frittsok_logotyp-e1762416021339.png\" alt=\"\" class=\"wp-image-27412 size-full\"\/><\/figure><div class=\"wp-block-media-text__content\">\n<div style=\"height:24px\" aria-hidden=\"true\" class=\"wp-block-spacer\"><\/div>\n\n\n\n<p class=\"has-text-align-left has-is-size-7-font-size\">Du vet v\u00e4l om att du kan s\u00f6ka yrkesutbildningar inom Fritt S\u00f6k? <\/p>\n\n\n\n<div class=\"wp-block-kunskapsforbundetpageblocks-kf-buttons\" data-accordions=\"true\">\n<a style=\"--kf-button-background:var(--blue);--kf-button-text:var(--white)\" class=\"wp-block-kunskapsforbundetpageblocks-kf-button kf-button-simple kf-button-size-small\" href=\"https:\/\/uddevallavuxenutbildning.se\/utbildning\/komvux\/yrkesutbildning\" rel=\"noopener noreferrer\" target=\"_blank\"><div class=\"kf-button-heading\">Uddevalla<\/div><\/a>\n\n\n\n<a style=\"--kf-button-background:var(--blue-dark);--kf-button-text:var(--white)\" class=\"wp-block-kunskapsforbundetpageblocks-kf-button kf-button-simple kf-button-size-small\" href=\"https:\/\/www.orust.se\/utbildning-och-barnomsorg\/vuxenutbildning\/utbildningar\/yrkesutbildningar\" rel=\"noopener noreferrer\" target=\"_blank\"><div class=\"kf-button-heading\">Orust<\/div><\/a>\n<\/div>\n\n\n\n<div style=\"height:24px\" aria-hidden=\"true\" class=\"wp-block-spacer\"><\/div>\n<\/div><\/div>\n<\/div><\/section>\n\n\n<p><\/p>","protected":false},"excerpt":{"rendered":"<p>Vill du g\u00f6ra skillnad f\u00f6r andra m\u00e4nniskor &#8211; p\u00e5 riktigt? Med v\u00e5r v\u00e5rd- och omsorgsutbildning &#8211; undersk\u00f6terska med spr\u00e5kst\u00f6d f\u00e5r du den kompetens som efterfr\u00e5gas av branschen, samtligt som du f\u00e5r spr\u00e5kst\u00f6d. Perfekt f\u00f6r dig som inte har svenska som modersm\u00e5l. <\/p>\n","protected":false},"featured_media":25546,"template":"","program-edutype":[1017],"program-nextstart":[1064],"program-type":[938],"program-city":[984],"program-status":[1062],"class_list":["post-18617","program","type-program","status-publish","has-post-thumbnail","hentry","program-type-gymnasial-utbildning"],"acf":[],"_links":{"self":[{"href":"https:\/\/kunskapsforbundet.se\/vuxenutbildningen\/wp-json\/wp\/v2\/program\/18617","targetHints":{"allow":["GET"]}}],"collection":[{"href":"https:\/\/kunskapsforbundet.se\/vuxenutbildningen\/wp-json\/wp\/v2\/program"}],"about":[{"href":"https:\/\/kunskapsforbundet.se\/vuxenutbildningen\/wp-json\/wp\/v2\/types\/program"}],"version-history":[{"count":79,"href":"https:\/\/kunskapsforbundet.se\/vuxenutbildningen\/wp-json\/wp\/v2\/program\/18617\/revisions"}],"predecessor-version":[{"id":30661,"href":"https:\/\/kunskapsforbundet.se\/vuxenutbildningen\/wp-json\/wp\/v2\/program\/18617\/revisions\/30661"}],"wp:featuredmedia":[{"embeddable":true,"href":"https:\/\/kunskapsforbundet.se\/vuxenutbildningen\/wp-json\/wp\/v2\/media\/25546"}],"wp:attachment":[{"href":"https:\/\/kunskapsforbundet.se\/vuxenutbildningen\/wp-json\/wp\/v2\/media?parent=18617"}],"wp:term":[{"taxonomy":"program-edutype","embeddable":true,"href":"https:\/\/kunskapsforbundet.se\/vuxenutbildningen\/wp-json\/wp\/v2\/program-edutype?post=18617"},{"taxonomy":"program-nextstart","embeddable":true,"href":"https:\/\/kunskapsforbundet.se\/vuxenutbildningen\/wp-json\/wp\/v2\/program-nextstart?post=18617"},{"taxonomy":"program-type","embeddable":true,"href":"https:\/\/kunskapsforbundet.se\/vuxenutbildningen\/wp-json\/wp\/v2\/program-type?post=18617"},{"taxonomy":"program-city","embeddable":true,"href":"https:\/\/kunskapsforbundet.se\/vuxenutbildningen\/wp-json\/wp\/v2\/program-city?post=18617"},{"taxonomy":"program-status","embeddable":true,"href":"https:\/\/kunskapsforbundet.se\/vuxenutbildningen\/wp-json\/wp\/v2\/program-status?post=18617"}],"curies":[{"name":"wp","href":"https:\/\/api.w.org\/{rel}","templated":true}]}}