{"id":14364,"date":"2021-12-22T11:30:32","date_gmt":"2021-12-22T10:30:32","guid":{"rendered":"https:\/\/kunskapsforbundet.se\/vuxenutbildningen\/?page_id=14364"},"modified":"2022-04-04T09:47:06","modified_gmt":"2022-04-04T07:47:06","slug":"borja-plugga","status":"publish","type":"page","link":"https:\/\/kunskapsforbundet.se\/vuxenutbildningen\/borja-plugga\/","title":{"rendered":"B\u00f6rja plugga."},"content":{"rendered":"\n<figure class=\"wp-block-embed is-type-video is-provider-youtube wp-block-embed-youtube wp-embed-aspect-16-9 wp-has-aspect-ratio\"><div class=\"wp-block-embed__wrapper\">\n<iframe loading=\"lazy\" title=\"G\u00f6r n\u00e5got vuxet. B\u00f6rja plugga.\" width=\"500\" height=\"281\" src=\"https:\/\/www.youtube.com\/embed\/W-DSEUTyq8o?feature=oembed\" frameborder=\"0\" allow=\"accelerometer; autoplay; clipboard-write; encrypted-media; gyroscope; picture-in-picture; web-share\" referrerpolicy=\"strict-origin-when-cross-origin\" allowfullscreen><\/iframe>\n<\/div><\/figure>\n\n\n\n<h2 class=\"wp-block-heading\" id=\"gor-nagot-vuxet-borja-plugga\">G\u00f6r n\u00e5got vuxet. B\u00f6rja plugga.<\/h2>\n\n\n\n<p>En vuxenutbildning f\u00f6r alla.&nbsp; \u00c4ven om du redan har gjort ett karri\u00e4rval kan du som vuxen b\u00f6rja plugga f\u00f6r att l\u00e4ra nytt och b\u00f6rja om. Att g\u00e5 tillbaka till skolb\u00e4nken \u00e4r ett steg fram\u00e5t, mot nya dr\u00f6mmar och kanske en ny bana i karri\u00e4ren.<\/p>\n\n\n\n<p>&nbsp;Det \u00e4r aldrig f\u00f6rsent att dr\u00f6mma, kanske \u00e4r de dr\u00f6mmar du har i vuxen \u00e5lder de allra viktigaste. Vi tror p\u00e5 att utbildning \u00e4r en nyckel f\u00f6r att f\u00f6rverkliga dina dr\u00f6mmar. Med nya kunskaper, kompetenser och f\u00e4rdigheter st\u00e4rker du dina jobbchanser och personlig utveckling f\u00f6r framtiden.<\/p>\n\n\n\n<p>&nbsp;N\u00e4r omv\u00e4rlden f\u00f6r\u00e4ndras \u00f6kar betydelsen av utbildning. D\u00e4rf\u00f6r vill vi forts\u00e4tta att erbjuda kurser och relevanta yrkesutbildningar f\u00f6r vuxna. Med gl\u00e4dje, gemenskap och trygghet skapar vi n\u00e5got som vi kallar f\u00f6r framtidslust! Lusten att dr\u00f6mma om framtiden.<\/p>\n\n\n\n<p>&nbsp;Hos oss \u00e4r vi helt s\u00e4kra p\u00e5 att allt b\u00f6rjar med en utbildning. Oavsett vad du g\u00f6r idag kan Vuxenutbildningen ge dig b\u00e5de en andra och en annan chans. F\u00f6r vi har sett vuxna l\u00e4sa in gymnasieexa\u00admen f\u00f6r att l\u00e4sa vidare p\u00e5 universitet eller byta yrkesbana till undersk\u00f6terska, billackerare eller medicinsk sekreterare. Hitta din nya v\u00e4g, hos oss p\u00e5 Vuxenutbildningen!<\/p>\n\n\n\n<h2 class=\"wp-block-heading\" id=\"nyfiken-pa-oss\">Nyfiken p\u00e5 oss?&nbsp;<\/h2>\n\n\n\n<p>H\u00e4r kan du l\u00e4sa mer om v\u00e5ra olika utbildningsformer och frist\u00e5ende kurser. Under v\u00e5ra stora ans\u00f6kningsperioder finns det mer \u00e4n 100 kurser och utbildningar att v\u00e4lja p\u00e5.<\/p>\n\n\n\n<div class=\"wp-block-columns is-layout-flex wp-container-core-columns-is-layout-9d6595d7 wp-block-columns-is-layout-flex\">\n<div class=\"wp-block-column is-layout-flow wp-block-column-is-layout-flow\">\n<figure class=\"wp-block-image size-large\"><a href=\"https:\/\/kunskapsforbundet.se\/vuxenutbildningen\/yrkesutbildning-yrkesvux\/\"><img loading=\"lazy\" decoding=\"async\" width=\"1024\" height=\"576\" src=\"https:\/\/kunskapsforbundet.se\/app\/uploads\/sites\/6\/2022\/01\/Yrkesutbildning_Yrkesvux_ver02-1024x576.jpg\" alt=\"\" class=\"wp-image-14983\" srcset=\"https:\/\/kunskapsforbundet.se\/app\/uploads\/sites\/6\/2022\/01\/Yrkesutbildning_Yrkesvux_ver02-1024x576.jpg 1024w, https:\/\/kunskapsforbundet.se\/app\/uploads\/sites\/6\/2022\/01\/Yrkesutbildning_Yrkesvux_ver02-300x169.jpg 300w, https:\/\/kunskapsforbundet.se\/app\/uploads\/sites\/6\/2022\/01\/Yrkesutbildning_Yrkesvux_ver02-768x432.jpg 768w, https:\/\/kunskapsforbundet.se\/app\/uploads\/sites\/6\/2022\/01\/Yrkesutbildning_Yrkesvux_ver02.jpg 1366w\" sizes=\"auto, (max-width: 1024px) 100vw, 1024px\" \/><\/a><\/figure>\n\n\n\n<figure class=\"wp-block-image size-large\"><a href=\"https:\/\/kunskapsforbundet.se\/vuxenutbildningen\/program\/gymnasial-niva\/\"><img loading=\"lazy\" decoding=\"async\" width=\"1024\" height=\"576\" src=\"https:\/\/kunskapsforbundet.se\/app\/uploads\/sites\/6\/2022\/01\/Komvux_gymnasialniva_ver01-8-1024x576.jpg\" alt=\"\" class=\"wp-image-14985\" srcset=\"https:\/\/kunskapsforbundet.se\/app\/uploads\/sites\/6\/2022\/01\/Komvux_gymnasialniva_ver01-8-1024x576.jpg 1024w, https:\/\/kunskapsforbundet.se\/app\/uploads\/sites\/6\/2022\/01\/Komvux_gymnasialniva_ver01-8-300x169.jpg 300w, https:\/\/kunskapsforbundet.se\/app\/uploads\/sites\/6\/2022\/01\/Komvux_gymnasialniva_ver01-8-768x432.jpg 768w, https:\/\/kunskapsforbundet.se\/app\/uploads\/sites\/6\/2022\/01\/Komvux_gymnasialniva_ver01-8.jpg 1366w\" sizes=\"auto, (max-width: 1024px) 100vw, 1024px\" \/><\/a><\/figure>\n\n\n\n<figure class=\"wp-block-image size-large\"><a href=\"https:\/\/kunskapsforbundet.se\/vuxenutbildningen\/validering\/\"><img loading=\"lazy\" decoding=\"async\" width=\"1024\" height=\"576\" src=\"https:\/\/kunskapsforbundet.se\/app\/uploads\/sites\/6\/2022\/01\/Yrkesutbildning_Validering_ver01-2-1024x576.jpg\" alt=\"\" class=\"wp-image-14987\" srcset=\"https:\/\/kunskapsforbundet.se\/app\/uploads\/sites\/6\/2022\/01\/Yrkesutbildning_Validering_ver01-2-1024x576.jpg 1024w, https:\/\/kunskapsforbundet.se\/app\/uploads\/sites\/6\/2022\/01\/Yrkesutbildning_Validering_ver01-2-300x169.jpg 300w, https:\/\/kunskapsforbundet.se\/app\/uploads\/sites\/6\/2022\/01\/Yrkesutbildning_Validering_ver01-2-768x432.jpg 768w, https:\/\/kunskapsforbundet.se\/app\/uploads\/sites\/6\/2022\/01\/Yrkesutbildning_Validering_ver01-2.jpg 1366w\" sizes=\"auto, (max-width: 1024px) 100vw, 1024px\" \/><\/a><\/figure>\n<\/div>\n\n\n\n<div class=\"wp-block-column is-layout-flow wp-block-column-is-layout-flow\">\n<figure class=\"wp-block-image size-large\"><a href=\"https:\/\/kunskapsforbundet.se\/vuxenutbildningen\/larlingsutbildning\/\"><img loading=\"lazy\" decoding=\"async\" width=\"1024\" height=\"576\" src=\"https:\/\/kunskapsforbundet.se\/app\/uploads\/sites\/6\/2022\/01\/Yrkesutbildning_Larling_ver02-1-1024x576.jpg\" alt=\"\" class=\"wp-image-14984\" srcset=\"https:\/\/kunskapsforbundet.se\/app\/uploads\/sites\/6\/2022\/01\/Yrkesutbildning_Larling_ver02-1-1024x576.jpg 1024w, https:\/\/kunskapsforbundet.se\/app\/uploads\/sites\/6\/2022\/01\/Yrkesutbildning_Larling_ver02-1-300x169.jpg 300w, https:\/\/kunskapsforbundet.se\/app\/uploads\/sites\/6\/2022\/01\/Yrkesutbildning_Larling_ver02-1-768x432.jpg 768w, https:\/\/kunskapsforbundet.se\/app\/uploads\/sites\/6\/2022\/01\/Yrkesutbildning_Larling_ver02-1.jpg 1366w\" sizes=\"auto, (max-width: 1024px) 100vw, 1024px\" \/><\/a><\/figure>\n\n\n\n<figure class=\"wp-block-image size-large\"><a href=\"https:\/\/kunskapsforbundet.se\/vuxenutbildningen\/program\/grundlaggande-niva\/\"><img loading=\"lazy\" decoding=\"async\" width=\"1024\" height=\"576\" src=\"https:\/\/kunskapsforbundet.se\/app\/uploads\/sites\/6\/2022\/01\/Komvux_grundlaggande-niva_ver01-7-1024x576.jpg\" alt=\"\" class=\"wp-image-14986\" srcset=\"https:\/\/kunskapsforbundet.se\/app\/uploads\/sites\/6\/2022\/01\/Komvux_grundlaggande-niva_ver01-7-1024x576.jpg 1024w, https:\/\/kunskapsforbundet.se\/app\/uploads\/sites\/6\/2022\/01\/Komvux_grundlaggande-niva_ver01-7-300x169.jpg 300w, https:\/\/kunskapsforbundet.se\/app\/uploads\/sites\/6\/2022\/01\/Komvux_grundlaggande-niva_ver01-7-768x432.jpg 768w, https:\/\/kunskapsforbundet.se\/app\/uploads\/sites\/6\/2022\/01\/Komvux_grundlaggande-niva_ver01-7.jpg 1366w\" sizes=\"auto, (max-width: 1024px) 100vw, 1024px\" \/><\/a><\/figure>\n\n\n\n<figure class=\"wp-block-image size-large\"><a href=\"https:\/\/kunskapsforbundet.se\/vuxenutbildningen\/yh-yrkeshogskolan\/\"><img loading=\"lazy\" decoding=\"async\" width=\"1024\" height=\"576\" src=\"https:\/\/kunskapsforbundet.se\/app\/uploads\/sites\/6\/2022\/01\/Yrkeshogskolan_YH_ver01-2-1024x576.jpg\" alt=\"\" class=\"wp-image-14988\" srcset=\"https:\/\/kunskapsforbundet.se\/app\/uploads\/sites\/6\/2022\/01\/Yrkeshogskolan_YH_ver01-2-1024x576.jpg 1024w, https:\/\/kunskapsforbundet.se\/app\/uploads\/sites\/6\/2022\/01\/Yrkeshogskolan_YH_ver01-2-300x169.jpg 300w, https:\/\/kunskapsforbundet.se\/app\/uploads\/sites\/6\/2022\/01\/Yrkeshogskolan_YH_ver01-2-768x432.jpg 768w, https:\/\/kunskapsforbundet.se\/app\/uploads\/sites\/6\/2022\/01\/Yrkeshogskolan_YH_ver01-2.jpg 1366w\" sizes=\"auto, (max-width: 1024px) 100vw, 1024px\" \/><\/a><\/figure>\n<\/div>\n<\/div>\n\n\n        <section aria-label=\"\u00d6ppningsbara flikar 1\" class=\"accordions mt-6 mb-6\">\n            <div class=\"container\" data-accordions=\"true\">\n                <div class=\"tab-pages\" role=\"tablist\">\n                                            <section class=\"tab-page\">\n                            <header>\n                                <button class=\"tab-page-head has-text-color-black\" id=\"accordions-shortcode1-tab-0\" role=\"tab\" aria-selected=\"false\" aria-controls=\"accordions-shortcode1-tabpanel-0\" aria-label=\"Planerade ans\u00f6kningsperioder p\u00e5 Vuxenutbildningen 2022\" style=\"background: #e1d9ec\">\n                                    <div class=\"level\">\n                                        <div class=\"level-start\">\n                                            <div class=\"level-item\">\n                                                <h2>Planerade ans\u00f6kningsperioder p\u00e5 Vuxenutbildningen 2022<\/h2>\n                                            <\/div>\n                                        <\/div>\n                                        <div class=\"level-end\">\n                                            <div class=\"level-item\">\n                                                <span class=\"accordion-icon plus\" title=\"\u00d6ppna flik\"><\/span>\n                                            <\/div>\n                                            <div class=\"level-item is-hidden\">\n                                                <span class=\"accordion-icon minus\" title=\"St\u00e4ng flik\"><\/span>\n                                            <\/div>\n                                        <\/div>\n                                    <\/div>\n                                <\/button>\n                            <\/header>\n                            <div class=\"tab-page-body is-hidden\" id=\"accordions-shortcode1-tabpanel-0\" role=\"tabpanel\" aria-labelledby=\"accordions-shortcode1-tab-0\" aria-hidden=\"true\">\n                                <div class=\"content\"><h3>Planerade starter 2022 inom Komvux | Grundl\u00e4ggande och gymnasial niv\u00e5<\/h3>\n<p>Planerade starter och ans\u00f6kningsperioder f\u00f6r Komvux 2022 (med reservation f\u00f6r f\u00f6r\u00e4ndringar). Inom Komvux hittar du frist\u00e5ende kurser p\u00e5 grundl\u00e4ggande och gymnasial niv\u00e5. Du hittar ocks\u00e5 yrkesutbildningar f\u00f6r vuxna p\u00e5 gymnasial niv\u00e5.<\/p>\n<ul>\n<li>Mars: Ans\u00f6kan \u00f6ppen Vecka 7 \u2013 Vecka 10<\/li>\n<li>Juni: Ans\u00f6kan \u00f6ppen Vecka 16 \u2013 Vecka 19<\/li>\n<li>Augusti: Ans\u00f6kan \u00f6ppen Vecka 16 \u2013 Vecka 23<\/li>\n<li>November: Ans\u00f6kan \u00f6ppen Vecka 38 \u2013 Vecka 42<\/li>\n<li>Januari (2023): Ans\u00f6kan \u00f6ppen Vecka 44 \u2013 Vecka 48<\/li>\n<\/ul>\n<h3>Planerade starter 2022 inom Yrkesh\u00f6gskolan (YH) | Eftergymnasial niv\u00e5<\/h3>\n<p>Yrkesh\u00f6gskolan \u00e4r eftergymnasiala yrkesutbildningar d\u00e4r f\u00f6retag samverkar med utbildningen. Utbildningarna m\u00e5ste beviljas av Myndigheten f\u00f6r Yrkesh\u00f6gskolan och besked vilka utbildningar som f\u00e5r startas ges under januari.<\/p>\n<ul>\n<li>Yrkesh\u00f6gskolan (YH) ans\u00f6kan \u00f6ppen Vecka 7 &#8211; Vecka 15<\/li>\n<\/ul><\/div>\n                            <\/div>\n                        <\/section>\n                                    <\/div>\n                <button class=\"mt-3 tab-page-expand\" data-close=\"St\u00e4ng alla flikar\" data-open=\"Expandera alla flikar\">\n                    Expandera alla flikar                <\/button>\n            <\/div>\n        <\/section>\n\n\n\n\n<h2 class=\"wp-block-heading\" id=\"uppdragsutbildning-pa-era-villkor\">Uppdragsutbildning p\u00e5 era villkor.<\/h2>\n\n\n\n<p>Vuxenutbildningen kan hj\u00e4lpa n\u00e4ringsliv, offentlig sektor och andra organisationer med att p\u00e5 uppdrag anordna olika former av utbildningsinsatser, skr\u00e4ddarsydda just f\u00f6r ert behov.<\/p>\n\n\n\n<div class=\"wp-block-columns is-layout-flex wp-container-core-columns-is-layout-9d6595d7 wp-block-columns-is-layout-flex\">\n<div class=\"wp-block-column is-layout-flow wp-block-column-is-layout-flow\">\n<figure class=\"wp-block-image size-large\"><a href=\"https:\/\/kunskapsforbundet.se\/vuxenutbildningen\/program\/uppdragsutbildning\/\"><img loading=\"lazy\" decoding=\"async\" width=\"1024\" height=\"235\" src=\"https:\/\/kunskapsforbundet.se\/app\/uploads\/sites\/6\/2022\/01\/uppdragsutbildning_ver02-1-1024x235.jpg\" alt=\"\" class=\"wp-image-14989\" srcset=\"https:\/\/kunskapsforbundet.se\/app\/uploads\/sites\/6\/2022\/01\/uppdragsutbildning_ver02-1-1024x235.jpg 1024w, https:\/\/kunskapsforbundet.se\/app\/uploads\/sites\/6\/2022\/01\/uppdragsutbildning_ver02-1-300x69.jpg 300w, https:\/\/kunskapsforbundet.se\/app\/uploads\/sites\/6\/2022\/01\/uppdragsutbildning_ver02-1-768x176.jpg 768w, https:\/\/kunskapsforbundet.se\/app\/uploads\/sites\/6\/2022\/01\/uppdragsutbildning_ver02-1.jpg 1344w\" sizes=\"auto, (max-width: 1024px) 100vw, 1024px\" \/><\/a><\/figure>\n<\/div>\n<\/div>\n\n\n\n<div class=\"wp-block-buttons is-vertical is-layout-flex wp-container-core-buttons-is-layout-8cf370e7 wp-block-buttons-is-layout-flex\"><\/div>\n\n\n<p><\/p>\n<p><\/p>","protected":false},"excerpt":{"rendered":"<p>G\u00f6r n\u00e5got vuxet. B\u00f6rja plugga. En vuxenutbildning f\u00f6r alla.&nbsp; \u00c4ven om du redan har gjort ett karri\u00e4rval kan du som vuxen b\u00f6rja plugga f\u00f6r att l\u00e4ra nytt och b\u00f6rja om. Att g\u00e5 tillbaka till skolb\u00e4nken \u00e4r ett steg fram\u00e5t, mot nya dr\u00f6mmar och kanske en ny bana i karri\u00e4ren. &nbsp;Det \u00e4r aldrig f\u00f6rsent att dr\u00f6mma, [&hellip;]<\/p>\n","protected":false},"author":7,"featured_media":14367,"parent":0,"menu_order":0,"comment_status":"closed","ping_status":"closed","template":"","meta":{"_acf_changed":false,"footnotes":""},"class_list":["post-14364","page","type-page","status-publish","has-post-thumbnail","hentry"],"acf":[],"_links":{"self":[{"href":"https:\/\/kunskapsforbundet.se\/vuxenutbildningen\/wp-json\/wp\/v2\/pages\/14364","targetHints":{"allow":["GET"]}}],"collection":[{"href":"https:\/\/kunskapsforbundet.se\/vuxenutbildningen\/wp-json\/wp\/v2\/pages"}],"about":[{"href":"https:\/\/kunskapsforbundet.se\/vuxenutbildningen\/wp-json\/wp\/v2\/types\/page"}],"author":[{"embeddable":true,"href":"https:\/\/kunskapsforbundet.se\/vuxenutbildningen\/wp-json\/wp\/v2\/users\/7"}],"replies":[{"embeddable":true,"href":"https:\/\/kunskapsforbundet.se\/vuxenutbildningen\/wp-json\/wp\/v2\/comments?post=14364"}],"version-history":[{"count":76,"href":"https:\/\/kunskapsforbundet.se\/vuxenutbildningen\/wp-json\/wp\/v2\/pages\/14364\/revisions"}],"predecessor-version":[{"id":15430,"href":"https:\/\/kunskapsforbundet.se\/vuxenutbildningen\/wp-json\/wp\/v2\/pages\/14364\/revisions\/15430"}],"wp:featuredmedia":[{"embeddable":true,"href":"https:\/\/kunskapsforbundet.se\/vuxenutbildningen\/wp-json\/wp\/v2\/media\/14367"}],"wp:attachment":[{"href":"https:\/\/kunskapsforbundet.se\/vuxenutbildningen\/wp-json\/wp\/v2\/media?parent=14364"}],"curies":[{"name":"wp","href":"https:\/\/api.w.org\/{rel}","templated":true}]}}